{"id":72,"date":"2024-04-15T09:55:06","date_gmt":"2024-04-15T07:55:06","guid":{"rendered":"http:\/\/haarfrei-duissern.de\/wordpress\/?page_id=72"},"modified":"2026-01-06T10:40:42","modified_gmt":"2026-01-06T09:40:42","slug":"dauerhafte-haarentfernung","status":"publish","type":"page","link":"https:\/\/haarfrei-ruhrpott.de\/?page_id=72","title":{"rendered":"Dauerhafte Haarentfernung"},"content":{"rendered":"\t\t<div data-elementor-type=\"wp-page\" data-elementor-id=\"72\" class=\"elementor elementor-72\">\n\t\t\t\t<div class=\"elementor-element elementor-element-73e9d05 e-flex e-con-boxed e-con e-parent\" data-id=\"73e9d05\" data-element_type=\"container\" data-e-type=\"container\">\n\t\t\t\t\t<div class=\"e-con-inner\">\n\t\t\t\t<div class=\"elementor-element elementor-element-b56749a elementor-widget elementor-widget-heading\" data-id=\"b56749a\" data-element_type=\"widget\" data-e-type=\"widget\" data-widget_type=\"heading.default\">\n\t\t\t\t<div class=\"elementor-widget-container\">\n\t\t\t\t\t<h2 class=\"elementor-heading-title elementor-size-default\">Wirkungsweise des Dioden-Lasers<\/h2>\t\t\t\t<\/div>\n\t\t\t\t<\/div>\n\t\t\t\t\t<\/div>\n\t\t\t\t<\/div>\n\t\t<div class=\"elementor-element elementor-element-691d792 e-flex e-con-boxed e-con e-parent\" data-id=\"691d792\" data-element_type=\"container\" data-e-type=\"container\">\n\t\t\t\t\t<div class=\"e-con-inner\">\n\t\t<div class=\"elementor-element elementor-element-6dc157a e-con-full e-flex e-con e-child\" data-id=\"6dc157a\" data-element_type=\"container\" data-e-type=\"container\">\n\t\t\t\t<div class=\"elementor-element elementor-element-1fdb8f4 elementor-widget elementor-widget-text-editor\" data-id=\"1fdb8f4\" data-element_type=\"widget\" data-e-type=\"widget\" data-widget_type=\"text-editor.default\">\n\t\t\t\t<div class=\"elementor-widget-container\">\n\t\t\t\t\t\t\t\t\t<p>Das Licht des Dioden-Lasers dringt in die Haut ein, wird vom Melanin des Haares absorbiert und in W\u00e4rme umgewandelt. Diese W\u00e4rme zerst\u00f6rt sowohl die Haarwurzel als auch den sogenannten Wulst. Die umliegende Haut bleibt unber\u00fchrt intakt.<\/p>\t\t\t\t\t\t\t\t<\/div>\n\t\t\t\t<\/div>\n\t\t\t\t<\/div>\n\t\t<div class=\"elementor-element elementor-element-7a327ae e-con-full e-flex e-con e-child\" data-id=\"7a327ae\" data-element_type=\"container\" data-e-type=\"container\">\n\t\t\t\t<div class=\"elementor-element elementor-element-a662392 elementor-widget elementor-widget-image\" data-id=\"a662392\" data-element_type=\"widget\" data-e-type=\"widget\" data-widget_type=\"image.default\">\n\t\t\t\t<div class=\"elementor-widget-container\">\n\t\t\t\t\t\t\t\t\t\t\t\t\t\t\t<img fetchpriority=\"high\" decoding=\"async\" width=\"1024\" height=\"683\" src=\"https:\/\/haarfrei-ruhrpott.de\/wp-content\/uploads\/2024\/04\/iStock-603840756-1024x683.jpg\" class=\"attachment-large size-large wp-image-176\" alt=\"\" srcset=\"https:\/\/haarfrei-ruhrpott.de\/wp-content\/uploads\/2024\/04\/iStock-603840756-1024x683.jpg 1024w, https:\/\/haarfrei-ruhrpott.de\/wp-content\/uploads\/2024\/04\/iStock-603840756-300x200.jpg 300w, https:\/\/haarfrei-ruhrpott.de\/wp-content\/uploads\/2024\/04\/iStock-603840756-768x512.jpg 768w, https:\/\/haarfrei-ruhrpott.de\/wp-content\/uploads\/2024\/04\/iStock-603840756-1536x1024.jpg 1536w, https:\/\/haarfrei-ruhrpott.de\/wp-content\/uploads\/2024\/04\/iStock-603840756-2048x1365.jpg 2048w, https:\/\/haarfrei-ruhrpott.de\/wp-content\/uploads\/2024\/04\/iStock-603840756-90x60.jpg 90w, https:\/\/haarfrei-ruhrpott.de\/wp-content\/uploads\/2024\/04\/iStock-603840756-370x247.jpg 370w, https:\/\/haarfrei-ruhrpott.de\/wp-content\/uploads\/2024\/04\/iStock-603840756-776x517.jpg 776w\" sizes=\"(max-width: 1024px) 100vw, 1024px\" \/>\t\t\t\t\t\t\t\t\t\t\t\t\t\t\t<\/div>\n\t\t\t\t<\/div>\n\t\t\t\t<\/div>\n\t\t\t\t\t<\/div>\n\t\t\t\t<\/div>\n\t\t<div class=\"elementor-element elementor-element-e52791c e-flex e-con-boxed e-con e-parent\" data-id=\"e52791c\" data-element_type=\"container\" data-e-type=\"container\">\n\t\t\t\t\t<div class=\"e-con-inner\">\n\t\t\t\t<div class=\"elementor-element elementor-element-21584a4 elementor-widget elementor-widget-image\" data-id=\"21584a4\" data-element_type=\"widget\" data-e-type=\"widget\" data-widget_type=\"image.default\">\n\t\t\t\t<div class=\"elementor-widget-container\">\n\t\t\t\t\t\t\t\t\t\t\t\t\t\t\t<img decoding=\"async\" width=\"768\" height=\"431\" src=\"https:\/\/haarfrei-ruhrpott.de\/wp-content\/uploads\/2024\/04\/Haarentfernung-768x431.png\" class=\"attachment-medium_large size-medium_large wp-image-178\" alt=\"\" srcset=\"https:\/\/haarfrei-ruhrpott.de\/wp-content\/uploads\/2024\/04\/Haarentfernung-768x431.png 768w, https:\/\/haarfrei-ruhrpott.de\/wp-content\/uploads\/2024\/04\/Haarentfernung-300x168.png 300w, https:\/\/haarfrei-ruhrpott.de\/wp-content\/uploads\/2024\/04\/Haarentfernung-1024x574.png 1024w, https:\/\/haarfrei-ruhrpott.de\/wp-content\/uploads\/2024\/04\/Haarentfernung-107x60.png 107w, https:\/\/haarfrei-ruhrpott.de\/wp-content\/uploads\/2024\/04\/Haarentfernung.png 1234w\" sizes=\"(max-width: 768px) 100vw, 768px\" \/>\t\t\t\t\t\t\t\t\t\t\t\t\t\t\t<\/div>\n\t\t\t\t<\/div>\n\t\t\t\t\t<\/div>\n\t\t\t\t<\/div>\n\t\t<div class=\"elementor-element elementor-element-96321b5 e-flex e-con-boxed e-con e-parent\" data-id=\"96321b5\" data-element_type=\"container\" data-e-type=\"container\">\n\t\t\t\t\t<div class=\"e-con-inner\">\n\t\t\t\t<div class=\"elementor-element elementor-element-697614f elementor-widget elementor-widget-text-editor\" data-id=\"697614f\" data-element_type=\"widget\" data-e-type=\"widget\" data-widget_type=\"text-editor.default\">\n\t\t\t\t<div class=\"elementor-widget-container\">\n\t\t\t\t\t\t\t\t\t<p>Die Wirksamkeit der Methode mit dem Dioden-Laser h\u00e4ngt von der Energie, Frequenz und Haarfarbe ab. Je dunkler das Haar ist, desto mehr Wirkung hat die Behandlung mit dem Dioden-Laser in der Regel. Der Laser sendet das Licht geb\u00fcndelt aus, was man als leichtes Kribbeln oder Pieken sp\u00fcrt.<\/p><p>Diese Photoepilation erreicht die Haare jedoch nur in ihrer aktiven Wachstumsphase, die Haare wachsen allerdings nie alle gleichzeitig. Um die Haare fl\u00e4chendeckend und dauerhaft zu entfernen, muss die Behandlung wiederholt werden.<\/p>\t\t\t\t\t\t\t\t<\/div>\n\t\t\t\t<\/div>\n\t\t\t\t\t<\/div>\n\t\t\t\t<\/div>\n\t\t<div class=\"elementor-element elementor-element-06853a3 e-flex e-con-boxed e-con e-parent\" data-id=\"06853a3\" data-element_type=\"container\" data-e-type=\"container\">\n\t\t\t\t\t<div class=\"e-con-inner\">\n\t\t\t\t<div class=\"elementor-element elementor-element-1069911 elementor-widget elementor-widget-heading\" data-id=\"1069911\" data-element_type=\"widget\" data-e-type=\"widget\" data-widget_type=\"heading.default\">\n\t\t\t\t<div class=\"elementor-widget-container\">\n\t\t\t\t\t<h2 class=\"elementor-heading-title elementor-size-default\">Der MedDioStar\u00ae Dioden-Laser von Asclepion<\/h2>\t\t\t\t<\/div>\n\t\t\t\t<\/div>\n\t\t\t\t\t<\/div>\n\t\t\t\t<\/div>\n\t\t<div class=\"elementor-element elementor-element-fe4c359 e-flex e-con-boxed e-con e-parent\" data-id=\"fe4c359\" data-element_type=\"container\" data-e-type=\"container\">\n\t\t\t\t\t<div class=\"e-con-inner\">\n\t\t<div class=\"elementor-element elementor-element-5f054ca e-con-full e-flex e-con e-child\" data-id=\"5f054ca\" data-element_type=\"container\" data-e-type=\"container\">\n\t\t\t\t<div class=\"elementor-element elementor-element-0010b0a elementor-widget elementor-widget-image\" data-id=\"0010b0a\" data-element_type=\"widget\" data-e-type=\"widget\" data-widget_type=\"image.default\">\n\t\t\t\t<div class=\"elementor-widget-container\">\n\t\t\t\t\t\t\t\t\t\t\t\t\t\t\t<img decoding=\"async\" width=\"768\" height=\"1024\" src=\"https:\/\/haarfrei-ruhrpott.de\/wp-content\/uploads\/2024\/04\/MeDioStar_left_web-768x1024.jpg\" class=\"attachment-large size-large wp-image-179\" alt=\"\" srcset=\"https:\/\/haarfrei-ruhrpott.de\/wp-content\/uploads\/2024\/04\/MeDioStar_left_web-768x1024.jpg 768w, https:\/\/haarfrei-ruhrpott.de\/wp-content\/uploads\/2024\/04\/MeDioStar_left_web-225x300.jpg 225w, https:\/\/haarfrei-ruhrpott.de\/wp-content\/uploads\/2024\/04\/MeDioStar_left_web-1152x1536.jpg 1152w, https:\/\/haarfrei-ruhrpott.de\/wp-content\/uploads\/2024\/04\/MeDioStar_left_web-45x60.jpg 45w, https:\/\/haarfrei-ruhrpott.de\/wp-content\/uploads\/2024\/04\/MeDioStar_left_web.jpg 1500w\" sizes=\"(max-width: 768px) 100vw, 768px\" \/>\t\t\t\t\t\t\t\t\t\t\t\t\t\t\t<\/div>\n\t\t\t\t<\/div>\n\t\t\t\t<\/div>\n\t\t<div class=\"elementor-element elementor-element-0940def e-con-full e-flex e-con e-child\" data-id=\"0940def\" data-element_type=\"container\" data-e-type=\"container\">\n\t\t\t\t<div class=\"elementor-element elementor-element-a9ebb30 elementor-widget elementor-widget-text-editor\" data-id=\"a9ebb30\" data-element_type=\"widget\" data-e-type=\"widget\" data-widget_type=\"text-editor.default\">\n\t\t\t\t<div class=\"elementor-widget-container\">\n\t\t\t\t\t\t\t\t\t<p><strong>Hohe Leistung:<\/strong><\/p><p>Die hohe Peak-Leistung bis zu 5000 Watt und Geschwindigkeit bis zu 20 Hz erm\u00f6glicht das Arbeiten mit k\u00fcrzesten Impulsen bei h\u00f6herer Geschwindigkeit.<\/p><p><strong>Der exklusive Wellen-Mix<\/strong><\/p><p>Der spezielle Wellenl\u00e4ngen-Mix von 810 &amp; 940 nm erlaubt es, auch die tieferliegenden Follikel zu erreichen \u2013 f\u00fcr eine noch effizientere und effektivere Behandlung. Eine technologische Innovation entwickelt von Asclepion.<\/p><p><strong>Smooth Pulse Modus<\/strong><\/p><p>Neben dem Basic-Mode, mit dem herk\u00f6mmliche Laserger\u00e4te ausgestattet sind, verf\u00fcgt der MeDioStar\u00ae zus\u00e4tzlich \u00fcber den Smooth-Pulse-Modus. Dieser spezielle Behandlungsmodus kann bei gr\u00f6\u00dferen Fl\u00e4chen angewendet werden, sodass selbst f\u00fcr empfindliche Patienten die Laserimpulse kaum zu sp\u00fcren sind. Dies erm\u00f6glicht eine schnelle, sanfte und schmerzarme Behandlung.<\/p>\t\t\t\t\t\t\t\t<\/div>\n\t\t\t\t<\/div>\n\t\t\t\t<\/div>\n\t\t\t\t\t<\/div>\n\t\t\t\t<\/div>\n\t\t<div class=\"elementor-element elementor-element-2e9ffd1 e-flex e-con-boxed e-con e-parent\" data-id=\"2e9ffd1\" data-element_type=\"container\" data-e-type=\"container\">\n\t\t\t\t\t<div class=\"e-con-inner\">\n\t\t<div class=\"elementor-element elementor-element-a3ad2d6 e-con-full e-flex e-con e-child\" data-id=\"a3ad2d6\" data-element_type=\"container\" data-e-type=\"container\">\n\t\t\t\t<div class=\"elementor-element elementor-element-0f37dba elementor-widget elementor-widget-text-editor\" data-id=\"0f37dba\" data-element_type=\"widget\" data-e-type=\"widget\" data-widget_type=\"text-editor.default\">\n\t\t\t\t<div class=\"elementor-widget-container\">\n\t\t\t\t\t\t\t\t\t<p><strong>360\u00b0 Kontaktk\u00fchlung<\/strong><\/p><p>Mit dem neuen 360\u00b0 Hautk\u00fchlungssystem wird die Epidermis (Oberhaut) auf hocheffiziente Weise vorgek\u00fchlt, wodurch sie optimal gesch\u00fctzt ist. Die integrierte Peltier-Technologie \u00fcberwacht automatisch die K\u00fchltemperatur und garantiert damit sichere Behandlungen. Dadurch ist der beste Komfort f\u00fcr den Patienten und Anwender garantiert. Dank der TAPER-Technologie, einem Quarzfaserb\u00fcndel speziell von Asclepion entwickelt, wird der Laserstrahl sehr homogen \u00fcbertragen und eine gleichm\u00e4\u00dfige Verteilung \u00fcber den ganzen Spot gew\u00e4hrleistet. Die homogene Emission der Energie verhindert die Bildung von Hot-Spots und reduziert das Risiko von Nebenwirkungen.<\/p>\t\t\t\t\t\t\t\t<\/div>\n\t\t\t\t<\/div>\n\t\t\t\t<\/div>\n\t\t<div class=\"elementor-element elementor-element-2fb268d e-con-full e-flex e-con e-child\" data-id=\"2fb268d\" data-element_type=\"container\" data-e-type=\"container\">\n\t\t\t\t<div class=\"elementor-element elementor-element-9ab0369 elementor-widget elementor-widget-image\" data-id=\"9ab0369\" data-element_type=\"widget\" data-e-type=\"widget\" data-widget_type=\"image.default\">\n\t\t\t\t<div class=\"elementor-widget-container\">\n\t\t\t\t\t\t\t\t\t\t\t\t\t\t\t<img loading=\"lazy\" decoding=\"async\" width=\"1024\" height=\"574\" src=\"https:\/\/haarfrei-ruhrpott.de\/wp-content\/uploads\/2024\/04\/Monolith-2-DE-1024x574.jpg\" class=\"attachment-large size-large wp-image-503\" alt=\"\" srcset=\"https:\/\/haarfrei-ruhrpott.de\/wp-content\/uploads\/2024\/04\/Monolith-2-DE-1024x574.jpg 1024w, https:\/\/haarfrei-ruhrpott.de\/wp-content\/uploads\/2024\/04\/Monolith-2-DE-300x168.jpg 300w, https:\/\/haarfrei-ruhrpott.de\/wp-content\/uploads\/2024\/04\/Monolith-2-DE-768x431.jpg 768w, https:\/\/haarfrei-ruhrpott.de\/wp-content\/uploads\/2024\/04\/Monolith-2-DE-1536x862.jpg 1536w, https:\/\/haarfrei-ruhrpott.de\/wp-content\/uploads\/2024\/04\/Monolith-2-DE-107x60.jpg 107w, https:\/\/haarfrei-ruhrpott.de\/wp-content\/uploads\/2024\/04\/Monolith-2-DE.jpg 1920w\" sizes=\"(max-width: 1024px) 100vw, 1024px\" \/>\t\t\t\t\t\t\t\t\t\t\t\t\t\t\t<\/div>\n\t\t\t\t<\/div>\n\t\t\t\t<\/div>\n\t\t\t\t\t<\/div>\n\t\t\t\t<\/div>\n\t\t<div class=\"elementor-element elementor-element-fb49b3a e-flex e-con-boxed e-con e-parent\" data-id=\"fb49b3a\" data-element_type=\"container\" data-e-type=\"container\">\n\t\t\t\t\t<div class=\"e-con-inner\">\n\t\t\t\t<div class=\"elementor-element elementor-element-16a954e elementor-widget elementor-widget-heading\" data-id=\"16a954e\" data-element_type=\"widget\" data-e-type=\"widget\" data-widget_type=\"heading.default\">\n\t\t\t\t<div class=\"elementor-widget-container\">\n\t\t\t\t\t<h2 class=\"elementor-heading-title elementor-size-default\">Dioden-Laser im Vergleich zu IPL und anderen Haarentfernungsmethoden<\/h2>\t\t\t\t<\/div>\n\t\t\t\t<\/div>\n\t\t\t\t\t<\/div>\n\t\t\t\t<\/div>\n\t\t<div class=\"elementor-element elementor-element-a7375e4 e-flex e-con-boxed e-con e-parent\" data-id=\"a7375e4\" data-element_type=\"container\" data-e-type=\"container\">\n\t\t\t\t\t<div class=\"e-con-inner\">\n\t\t\t\t<div class=\"elementor-element elementor-element-a7712bc elementor-widget elementor-widget-text-editor\" data-id=\"a7712bc\" data-element_type=\"widget\" data-e-type=\"widget\" data-widget_type=\"text-editor.default\">\n\t\t\t\t<div class=\"elementor-widget-container\">\n\t\t\t\t\t\t\t\t\t<p><strong>Dioden-Laser im Vergleich zu IPL<\/strong><\/p><p>Laser und IPL haben eines gemeinsam: Ihre Funktionsweise beruht auf Lichtimpulsen. Diese Lichtimpulse dringen in das Gewebe ein und werden vom Melanin, dem Haarfarbstoff, absorbiert und in W\u00e4rme umgewandelt. Die Haarwurzel wird auf etwa 70 \u00b0 Celsius erhitzt. Diese thermische Reaktion f\u00fchrt zur Zerst\u00f6rung der Haarwurzel.<\/p>\t\t\t\t\t\t\t\t<\/div>\n\t\t\t\t<\/div>\n\t\t\t\t\t<\/div>\n\t\t\t\t<\/div>\n\t\t<div class=\"elementor-element elementor-element-1f14e73 e-flex e-con-boxed e-con e-parent\" data-id=\"1f14e73\" data-element_type=\"container\" data-e-type=\"container\">\n\t\t\t\t\t<div class=\"e-con-inner\">\n\t\t<div class=\"elementor-element elementor-element-838f746 e-con-full e-flex e-con e-child\" data-id=\"838f746\" data-element_type=\"container\" data-e-type=\"container\">\n\t\t\t\t<div class=\"elementor-element elementor-element-a766160 elementor-widget elementor-widget-image\" data-id=\"a766160\" data-element_type=\"widget\" data-e-type=\"widget\" data-widget_type=\"image.default\">\n\t\t\t\t<div class=\"elementor-widget-container\">\n\t\t\t\t\t\t\t\t\t\t\t\t\t\t\t<img loading=\"lazy\" decoding=\"async\" width=\"910\" height=\"558\" src=\"https:\/\/haarfrei-ruhrpott.de\/wp-content\/uploads\/2024\/04\/IPL-Laser-e1713257878644.png\" class=\"attachment-large size-large wp-image-206\" alt=\"\" srcset=\"https:\/\/haarfrei-ruhrpott.de\/wp-content\/uploads\/2024\/04\/IPL-Laser-e1713257878644.png 910w, https:\/\/haarfrei-ruhrpott.de\/wp-content\/uploads\/2024\/04\/IPL-Laser-e1713257878644-300x184.png 300w, https:\/\/haarfrei-ruhrpott.de\/wp-content\/uploads\/2024\/04\/IPL-Laser-e1713257878644-768x471.png 768w, https:\/\/haarfrei-ruhrpott.de\/wp-content\/uploads\/2024\/04\/IPL-Laser-e1713257878644-98x60.png 98w\" sizes=\"(max-width: 910px) 100vw, 910px\" \/>\t\t\t\t\t\t\t\t\t\t\t\t\t\t\t<\/div>\n\t\t\t\t<\/div>\n\t\t\t\t<\/div>\n\t\t<div class=\"elementor-element elementor-element-b4d853e e-con-full e-flex e-con e-child\" data-id=\"b4d853e\" data-element_type=\"container\" data-e-type=\"container\">\n\t\t\t\t<div class=\"elementor-element elementor-element-c861c80 elementor-widget elementor-widget-text-editor\" data-id=\"c861c80\" data-element_type=\"widget\" data-e-type=\"widget\" data-widget_type=\"text-editor.default\">\n\t\t\t\t<div class=\"elementor-widget-container\">\n\t\t\t\t\t\t\t\t\t<p>Wenn man etwas genauer hinsieht, merkt man, dass sich die technologischen Details deutlich unterscheiden. Bei einem IPL-Ger\u00e4t handelt es sich nicht um einen Laser, sondern um ein Xenon-Blitzlampenger\u00e4t.<\/p><p>Der Hauptunterschied liegt in der Wellenl\u00e4nge der Lichtimpulse beider Systeme. Die Wellenl\u00e4nge bestimmt die Eindringtiefe der Impulse in die Haut und wird in Nanometern gemessen.<\/p>\t\t\t\t\t\t\t\t<\/div>\n\t\t\t\t<\/div>\n\t\t\t\t<\/div>\n\t\t\t\t\t<\/div>\n\t\t\t\t<\/div>\n\t\t<div class=\"elementor-element elementor-element-e907825 e-flex e-con-boxed e-con e-parent\" data-id=\"e907825\" data-element_type=\"container\" data-e-type=\"container\">\n\t\t\t\t\t<div class=\"e-con-inner\">\n\t\t\t\t<div class=\"elementor-element elementor-element-5371bdf elementor-widget elementor-widget-text-editor\" data-id=\"5371bdf\" data-element_type=\"widget\" data-e-type=\"widget\" data-widget_type=\"text-editor.default\">\n\t\t\t\t<div class=\"elementor-widget-container\">\n\t\t\t\t\t\t\t\t\tDie Lasertechnologie beruht auf Wellenl\u00e4ngen. So emittiert zum Beispiel der Dioden-Laser Wellenl\u00e4ngen von 810 und 940 nm. In diesen Gewebeschichten befinden sich die meisten Haarfolikel. Au\u00dferdem handelt es sich hierbei um die Wellenl\u00e4nge, die vom Haarfarbstoff Melanin am besten absorbiert wird. Durch die stark geb\u00fcndelte Lichtenergie , die pr\u00e4zise auf die Haarfolikel ausgerichtet ist, ist eine zielgenaue Ver\u00f6dung der Haarwurzel m\u00f6glich.\n\nIPL-Systeme arbeiten hingegen nicht mit einer einzelnen Wellenl\u00e4nge, sondern mit Strahlen verschiedener Wellenl\u00e4ngen zwischen 400 und 1200 nm \u2013 vergleichbar mit einem gef\u00e4cherten Strahl.\n\nDas wesentliche Problem bei der IPL-Haarentfernung liegt darin, dass aufgrund des breiten Strahlenspektrums nicht nur Haarwurzeln, sondern auch das umliegende Gewebe und Blutgef\u00e4\u00dfe hoher Lichtenergie ausgesetzt werden. Daher ist hier das Verbrennungs- und Verletzungsrisiko im Vergleich zur Laseranwendung stark erh\u00f6ht. Grunds\u00e4tzlich gilt, dass keine Strukturen belichtet werden sollten, die nicht Ziel der Behandlung sind. Bei einer professionellen Laserbehandlung mit dem Dioden-Laser wird selektiver vorgegangen und die \u00e4u\u00dferst hohe Energie zentriert sich auf die Haarfollikel und nicht auf die umliegende Haut. Daher ist die dauerhafte Haarentfernung mittels Dioden-Laser mit weniger Schmerzen und Kollateralsch\u00e4den des umliegenden Gewebes verbunden. Gleichzeitig f\u00fchrt sie schneller zu sichtbaren Ergebnissen.\n\nAuch aus Kostengesichtspunkten ist eine Laserhaarentfernung einer IPL Behandlung vorzuziehen \u2013 aufgrund der h\u00f6heren Effizienz ist eine geringere Anzahl von Behandlungen erforderlich.\n<i><br><br>Vorteil des Dioden-Lasers: Dauerhaft glatte Haut ohne die Nebenwirkungen anderer Haarentfernungsmethoden<\/i>\n<br><i>Nachteil: Auf den ersten Blick hohe Kosten<\/i>\t\t\t\t\t\t\t\t<\/div>\n\t\t\t\t<\/div>\n\t\t\t\t\t<\/div>\n\t\t\t\t<\/div>\n\t\t<div class=\"elementor-element elementor-element-5bcf66e e-flex e-con-boxed e-con e-parent\" data-id=\"5bcf66e\" data-element_type=\"container\" data-e-type=\"container\">\n\t\t\t\t\t<div class=\"e-con-inner\">\n\t\t\t\t<div class=\"elementor-element elementor-element-1207489 elementor-widget elementor-widget-image\" data-id=\"1207489\" data-element_type=\"widget\" data-e-type=\"widget\" data-widget_type=\"image.default\">\n\t\t\t\t<div class=\"elementor-widget-container\">\n\t\t\t\t\t\t\t\t\t\t\t\t\t\t\t<img loading=\"lazy\" decoding=\"async\" width=\"768\" height=\"429\" src=\"https:\/\/haarfrei-ruhrpott.de\/wp-content\/uploads\/2024\/04\/Vergleich-768x429.png\" class=\"attachment-medium_large size-medium_large wp-image-202\" alt=\"\" srcset=\"https:\/\/haarfrei-ruhrpott.de\/wp-content\/uploads\/2024\/04\/Vergleich-768x429.png 768w, https:\/\/haarfrei-ruhrpott.de\/wp-content\/uploads\/2024\/04\/Vergleich-300x168.png 300w, https:\/\/haarfrei-ruhrpott.de\/wp-content\/uploads\/2024\/04\/Vergleich-1024x572.png 1024w, https:\/\/haarfrei-ruhrpott.de\/wp-content\/uploads\/2024\/04\/Vergleich-107x60.png 107w, https:\/\/haarfrei-ruhrpott.de\/wp-content\/uploads\/2024\/04\/Vergleich.png 1206w\" sizes=\"(max-width: 768px) 100vw, 768px\" \/>\t\t\t\t\t\t\t\t\t\t\t\t\t\t\t<\/div>\n\t\t\t\t<\/div>\n\t\t\t\t\t<\/div>\n\t\t\t\t<\/div>\n\t\t<div class=\"elementor-element elementor-element-8d6bdab e-flex e-con-boxed e-con e-parent\" data-id=\"8d6bdab\" data-element_type=\"container\" data-e-type=\"container\">\n\t\t\t\t\t<div class=\"e-con-inner\">\n\t\t\t\t<div class=\"elementor-element elementor-element-318cae5 elementor-widget elementor-widget-toggle\" data-id=\"318cae5\" data-element_type=\"widget\" data-e-type=\"widget\" data-widget_type=\"toggle.default\">\n\t\t\t\t<div class=\"elementor-widget-container\">\n\t\t\t\t\t\t\t<div class=\"elementor-toggle\">\n\t\t\t\t\t\t\t<div class=\"elementor-toggle-item\">\n\t\t\t\t\t<div id=\"elementor-tab-title-5191\" class=\"elementor-tab-title\" data-tab=\"1\" role=\"button\" aria-controls=\"elementor-tab-content-5191\" aria-expanded=\"false\">\n\t\t\t\t\t\t\t\t\t\t\t\t<span class=\"elementor-toggle-icon elementor-toggle-icon-left\" aria-hidden=\"true\">\n\t\t\t\t\t\t\t\t\t\t\t\t\t\t\t<span class=\"elementor-toggle-icon-closed\"><svg class=\"e-font-icon-svg e-fas-caret-right\" viewBox=\"0 0 192 512\" xmlns=\"http:\/\/www.w3.org\/2000\/svg\"><path d=\"M0 384.662V127.338c0-17.818 21.543-26.741 34.142-14.142l128.662 128.662c7.81 7.81 7.81 20.474 0 28.284L34.142 398.804C21.543 411.404 0 402.48 0 384.662z\"><\/path><\/svg><\/span>\n\t\t\t\t\t\t\t\t<span class=\"elementor-toggle-icon-opened\"><svg class=\"elementor-toggle-icon-opened e-font-icon-svg e-fas-caret-up\" viewBox=\"0 0 320 512\" xmlns=\"http:\/\/www.w3.org\/2000\/svg\"><path d=\"M288.662 352H31.338c-17.818 0-26.741-21.543-14.142-34.142l128.662-128.662c7.81-7.81 20.474-7.81 28.284 0l128.662 128.662c12.6 12.599 3.676 34.142-14.142 34.142z\"><\/path><\/svg><\/span>\n\t\t\t\t\t\t\t\t\t\t\t\t\t<\/span>\n\t\t\t\t\t\t\t\t\t\t\t\t<a class=\"elementor-toggle-title\" tabindex=\"0\">Sugaring und Waxing<\/a>\n\t\t\t\t\t<\/div>\n\n\t\t\t\t\t<div id=\"elementor-tab-content-5191\" class=\"elementor-tab-content elementor-clearfix\" data-tab=\"1\" role=\"region\" aria-labelledby=\"elementor-tab-title-5191\">Diese beiden Methoden sind sich sehr \u00e4hnlich. Beim Waxing wird Wachs auf die Haut in Haarwuchsrichtung aufgetragen und gegen die Wuchsrichtung abgezogen. Beim Sugaring l\u00e4uft die Prozedur genau andersrum ab. Allerdings m\u00fcssen Sie beachten, dass die Haarl\u00e4nge bei Sugaring und Waxing mindestens 5 mm betragen muss. Daf\u00fcr h\u00e4lt das Ergebnis bis zu vier Wochen, wenn Sie die Anwendung regelm\u00e4\u00dfig durchf\u00fchren.\n<br><br><i>Vorteil: Glatte Haut bis zu vier Wochen <\/i>\n<br><i>Nachteil: Kostet viel Zeit und schmerzintensiv, Haarl\u00e4nge min. 5mm<\/i><\/div>\n\t\t\t\t<\/div>\n\t\t\t\t\t\t\t<div class=\"elementor-toggle-item\">\n\t\t\t\t\t<div id=\"elementor-tab-title-5192\" class=\"elementor-tab-title\" data-tab=\"2\" role=\"button\" aria-controls=\"elementor-tab-content-5192\" aria-expanded=\"false\">\n\t\t\t\t\t\t\t\t\t\t\t\t<span class=\"elementor-toggle-icon elementor-toggle-icon-left\" aria-hidden=\"true\">\n\t\t\t\t\t\t\t\t\t\t\t\t\t\t\t<span class=\"elementor-toggle-icon-closed\"><svg class=\"e-font-icon-svg e-fas-caret-right\" viewBox=\"0 0 192 512\" xmlns=\"http:\/\/www.w3.org\/2000\/svg\"><path d=\"M0 384.662V127.338c0-17.818 21.543-26.741 34.142-14.142l128.662 128.662c7.81 7.81 7.81 20.474 0 28.284L34.142 398.804C21.543 411.404 0 402.48 0 384.662z\"><\/path><\/svg><\/span>\n\t\t\t\t\t\t\t\t<span class=\"elementor-toggle-icon-opened\"><svg class=\"elementor-toggle-icon-opened e-font-icon-svg e-fas-caret-up\" viewBox=\"0 0 320 512\" xmlns=\"http:\/\/www.w3.org\/2000\/svg\"><path d=\"M288.662 352H31.338c-17.818 0-26.741-21.543-14.142-34.142l128.662-128.662c7.81-7.81 20.474-7.81 28.284 0l128.662 128.662c12.6 12.599 3.676 34.142-14.142 34.142z\"><\/path><\/svg><\/span>\n\t\t\t\t\t\t\t\t\t\t\t\t\t<\/span>\n\t\t\t\t\t\t\t\t\t\t\t\t<a class=\"elementor-toggle-title\" tabindex=\"0\">Enthaarungscreme<\/a>\n\t\t\t\t\t<\/div>\n\n\t\t\t\t\t<div id=\"elementor-tab-content-5192\" class=\"elementor-tab-content elementor-clearfix\" data-tab=\"2\" role=\"region\" aria-labelledby=\"elementor-tab-title-5192\">Die Haarentfernung mit einer Enthaarungscreme ist schnell, einfach und kosteng\u00fcnstig. Die Creme wird auf die Haut aufgetragen und nach der auf der jeweiligen Anleitung angegebenen Einwirkzeit wieder entfernt. Dabei werden die Haare, die durch eine chemische Reaktion aufgel\u00f6st werden, mitentfernt. Bei empfindlichen K\u00f6rperstellen, wie dem Gesicht oder Intimbereich, k\u00f6nnen unerw\u00fcnschte Hautreizungen entstehen. Aufgrund dessen, dass die Haare bei dieser Methode nur oberhalb der Haut entfernt werden, wachsen schnell neue Haare nach und die Anwendung muss h\u00e4ufig wiederholt werden.\n<br><br>\n<i>Vorteil: Simple Anwendung, die perfekt zuhause erfolgen kann<\/i>\n<br>\n<i>Nachteil: Haare wachsen schnell nach, Hautreizungen sind m\u00f6glich<\/i><\/div>\n\t\t\t\t<\/div>\n\t\t\t\t\t\t\t<div class=\"elementor-toggle-item\">\n\t\t\t\t\t<div id=\"elementor-tab-title-5193\" class=\"elementor-tab-title\" data-tab=\"3\" role=\"button\" aria-controls=\"elementor-tab-content-5193\" aria-expanded=\"false\">\n\t\t\t\t\t\t\t\t\t\t\t\t<span class=\"elementor-toggle-icon elementor-toggle-icon-left\" aria-hidden=\"true\">\n\t\t\t\t\t\t\t\t\t\t\t\t\t\t\t<span class=\"elementor-toggle-icon-closed\"><svg class=\"e-font-icon-svg e-fas-caret-right\" viewBox=\"0 0 192 512\" xmlns=\"http:\/\/www.w3.org\/2000\/svg\"><path d=\"M0 384.662V127.338c0-17.818 21.543-26.741 34.142-14.142l128.662 128.662c7.81 7.81 7.81 20.474 0 28.284L34.142 398.804C21.543 411.404 0 402.48 0 384.662z\"><\/path><\/svg><\/span>\n\t\t\t\t\t\t\t\t<span class=\"elementor-toggle-icon-opened\"><svg class=\"elementor-toggle-icon-opened e-font-icon-svg e-fas-caret-up\" viewBox=\"0 0 320 512\" xmlns=\"http:\/\/www.w3.org\/2000\/svg\"><path d=\"M288.662 352H31.338c-17.818 0-26.741-21.543-14.142-34.142l128.662-128.662c7.81-7.81 20.474-7.81 28.284 0l128.662 128.662c12.6 12.599 3.676 34.142-14.142 34.142z\"><\/path><\/svg><\/span>\n\t\t\t\t\t\t\t\t\t\t\t\t\t<\/span>\n\t\t\t\t\t\t\t\t\t\t\t\t<a class=\"elementor-toggle-title\" tabindex=\"0\">Rasieren<\/a>\n\t\t\t\t\t<\/div>\n\n\t\t\t\t\t<div id=\"elementor-tab-content-5193\" class=\"elementor-tab-content elementor-clearfix\" data-tab=\"3\" role=\"region\" aria-labelledby=\"elementor-tab-title-5193\">Die Rasur ist der Klassiker unter den Haarentfernungsmethoden, denn es ist nicht nur die \u00e4lteste, sondern auch die am weitesten verbreitete Prozedur, um die l\u00e4stigen Gesichts- und K\u00f6rperhaare loszuwerden. Die Anwendung erfolgt schnell mittels Rasierhobel, Nass- oder Elektrorasierer. Doch so schnell die unerw\u00fcnschten Haare mit Hilfe der Rasur verschwinden, so schnell kommen sie danach auch wieder. Bereits ein paar Stunden nach dem Rasieren, beginnen die Stoppeln nachzuwachsen.\n<br><br>\n<i>Vorteil: Schnelle und einfache Durchf\u00fchrung<\/i>\n<br>\n<i>Nachteil: Haare wachsen schnell nach, umweltunfreundliche Einwegklingen<\/i><\/div>\n\t\t\t\t<\/div>\n\t\t\t\t\t\t\t<div class=\"elementor-toggle-item\">\n\t\t\t\t\t<div id=\"elementor-tab-title-5194\" class=\"elementor-tab-title\" data-tab=\"4\" role=\"button\" aria-controls=\"elementor-tab-content-5194\" aria-expanded=\"false\">\n\t\t\t\t\t\t\t\t\t\t\t\t<span class=\"elementor-toggle-icon elementor-toggle-icon-left\" aria-hidden=\"true\">\n\t\t\t\t\t\t\t\t\t\t\t\t\t\t\t<span class=\"elementor-toggle-icon-closed\"><svg class=\"e-font-icon-svg e-fas-caret-right\" viewBox=\"0 0 192 512\" xmlns=\"http:\/\/www.w3.org\/2000\/svg\"><path d=\"M0 384.662V127.338c0-17.818 21.543-26.741 34.142-14.142l128.662 128.662c7.81 7.81 7.81 20.474 0 28.284L34.142 398.804C21.543 411.404 0 402.48 0 384.662z\"><\/path><\/svg><\/span>\n\t\t\t\t\t\t\t\t<span class=\"elementor-toggle-icon-opened\"><svg class=\"elementor-toggle-icon-opened e-font-icon-svg e-fas-caret-up\" viewBox=\"0 0 320 512\" xmlns=\"http:\/\/www.w3.org\/2000\/svg\"><path d=\"M288.662 352H31.338c-17.818 0-26.741-21.543-14.142-34.142l128.662-128.662c7.81-7.81 20.474-7.81 28.284 0l128.662 128.662c12.6 12.599 3.676 34.142-14.142 34.142z\"><\/path><\/svg><\/span>\n\t\t\t\t\t\t\t\t\t\t\t\t\t<\/span>\n\t\t\t\t\t\t\t\t\t\t\t\t<a class=\"elementor-toggle-title\" tabindex=\"0\">Epilieren<\/a>\n\t\t\t\t\t<\/div>\n\n\t\t\t\t\t<div id=\"elementor-tab-content-5194\" class=\"elementor-tab-content elementor-clearfix\" data-tab=\"4\" role=\"region\" aria-labelledby=\"elementor-tab-title-5194\">Wenn Sie Wert auf langanhaltend glatte Haut legen, ist ein elektrischer Epilierer die richtige Wahl f\u00fcr Sie. Jedoch sollten Sie auf diese Methode zur Haarentfernung verzichten, wenn Sie schmerzempfindlich sind. Von dem Epilieren des Intimbereichs ist aus diesem Grund auf jeden Fall abzuraten. Beim Epilieren zupfen winzige Pinzetten die Haare samt Haarwurzel aus der Haut. Da die Haare bis zu vier Wochen brauchen, bis sie neue Wurzeln bilden, um nachwachsen zu k\u00f6nnen, muss die Anwendung vergleichsweise selten wiederholt werden.\n<br><br>\n<i>Vorteil: Glatte Haut bis zu vier Wochen, Vermeiden von Schnittverletzungen<\/i>\n<br>\n<i>Nachteil: Schmerzhaft und zeitaufw\u00e4ndig<\/i><\/div>\n\t\t\t\t<\/div>\n\t\t\t\t\t\t\t\t<\/div>\n\t\t\t\t\t\t<\/div>\n\t\t\t\t<\/div>\n\t\t\t\t\t<\/div>\n\t\t\t\t<\/div>\n\t\t<div class=\"elementor-element elementor-element-84f712b e-flex e-con-boxed e-con e-parent\" data-id=\"84f712b\" data-element_type=\"container\" data-e-type=\"container\">\n\t\t\t\t\t<div class=\"e-con-inner\">\n\t\t\t\t<div class=\"elementor-element elementor-element-a763af0 elementor-widget elementor-widget-heading\" data-id=\"a763af0\" data-element_type=\"widget\" data-e-type=\"widget\" data-widget_type=\"heading.default\">\n\t\t\t\t<div class=\"elementor-widget-container\">\n\t\t\t\t\t<h2 class=\"elementor-heading-title elementor-size-default\">Die Behandlung<\/h2>\t\t\t\t<\/div>\n\t\t\t\t<\/div>\n\t\t\t\t\t<\/div>\n\t\t\t\t<\/div>\n\t\t<div class=\"elementor-element elementor-element-f83c90e e-flex e-con-boxed e-con e-parent\" data-id=\"f83c90e\" data-element_type=\"container\" data-e-type=\"container\">\n\t\t\t\t\t<div class=\"e-con-inner\">\n\t\t<div class=\"elementor-element elementor-element-4b187c5 e-con-full e-flex e-con e-child\" data-id=\"4b187c5\" data-element_type=\"container\" data-e-type=\"container\">\n\t\t\t\t<div class=\"elementor-element elementor-element-f1b3d80 elementor-widget elementor-widget-video\" data-id=\"f1b3d80\" data-element_type=\"widget\" data-e-type=\"widget\" data-settings=\"{&quot;video_type&quot;:&quot;hosted&quot;,&quot;controls&quot;:&quot;yes&quot;}\" data-widget_type=\"video.default\">\n\t\t\t\t<div class=\"elementor-widget-container\">\n\t\t\t\t\t\t\t<div class=\"e-hosted-video elementor-wrapper elementor-open-inline\">\n\t\t\t\t\t<video class=\"elementor-video\" src=\"https:\/\/haarfrei-ruhrpott.de\/wp-content\/uploads\/2024\/04\/20240428_161639.mp4\" controls=\"\" preload=\"metadata\" controlsList=\"nodownload\" poster=\"https:\/\/haarfrei-duissern.de\/wp-content\/uploads\/2024\/05\/Poster639.png\"><\/video>\n\t\t\t\t<\/div>\n\t\t\t\t\t\t<\/div>\n\t\t\t\t<\/div>\n\t\t\t\t<\/div>\n\t\t<div class=\"elementor-element elementor-element-e2e2750 e-con-full e-flex e-con e-child\" data-id=\"e2e2750\" data-element_type=\"container\" data-e-type=\"container\">\n\t\t\t\t<div class=\"elementor-element elementor-element-3fbcc9f elementor-widget elementor-widget-video\" data-id=\"3fbcc9f\" data-element_type=\"widget\" data-e-type=\"widget\" data-settings=\"{&quot;video_type&quot;:&quot;hosted&quot;,&quot;controls&quot;:&quot;yes&quot;}\" data-widget_type=\"video.default\">\n\t\t\t\t<div class=\"elementor-widget-container\">\n\t\t\t\t\t\t\t<div class=\"e-hosted-video elementor-wrapper elementor-open-inline\">\n\t\t\t\t\t<video class=\"elementor-video\" src=\"https:\/\/haarfrei-ruhrpott.de\/wp-content\/uploads\/2024\/04\/20240428_162437.mp4\" controls=\"\" preload=\"metadata\" controlsList=\"nodownload\" poster=\"https:\/\/haarfrei-duissern.de\/wp-content\/uploads\/2024\/05\/Poster437.png\"><\/video>\n\t\t\t\t<\/div>\n\t\t\t\t\t\t<\/div>\n\t\t\t\t<\/div>\n\t\t\t\t<\/div>\n\t\t\t\t\t<\/div>\n\t\t\t\t<\/div>\n\t\t<div class=\"elementor-element elementor-element-9af2452 e-flex e-con-boxed e-con e-parent\" data-id=\"9af2452\" data-element_type=\"container\" data-e-type=\"container\">\n\t\t\t\t\t<div class=\"e-con-inner\">\n\t\t<div class=\"elementor-element elementor-element-417fd27 e-con-full e-flex e-con e-child\" data-id=\"417fd27\" data-element_type=\"container\" data-e-type=\"container\">\n\t\t\t\t<div class=\"elementor-element elementor-element-ac6cbac elementor-widget elementor-widget-text-editor\" data-id=\"ac6cbac\" data-element_type=\"widget\" data-e-type=\"widget\" data-widget_type=\"text-editor.default\">\n\t\t\t\t<div class=\"elementor-widget-container\">\n\t\t\t\t\t\t\t\t\t<p><strong>Welche Haare k\u00f6nnen entfernt werden?<\/strong><\/p><p>Die dauerhafte Haarentfernung mit dem Dioden-Laser funktioniert fast \u00fcberall am K\u00f6rper, wo unerw\u00fcnschte Haare wachsen: z.B. Beine, Arme, Achseln, Gesicht (Damenbart), Hals, Bikinizone (Intimbereich), R\u00fccken, Brust oder Ges\u00e4\u00df.<\/p>\t\t\t\t\t\t\t\t<\/div>\n\t\t\t\t<\/div>\n\t\t\t\t<\/div>\n\t\t<div class=\"elementor-element elementor-element-809486c e-con-full e-flex e-con e-child\" data-id=\"809486c\" data-element_type=\"container\" data-e-type=\"container\">\n\t\t\t\t<div class=\"elementor-element elementor-element-711f4cd elementor-widget elementor-widget-image\" data-id=\"711f4cd\" data-element_type=\"widget\" data-e-type=\"widget\" data-widget_type=\"image.default\">\n\t\t\t\t<div class=\"elementor-widget-container\">\n\t\t\t\t\t\t\t\t\t\t\t\t\t\t\t<img loading=\"lazy\" decoding=\"async\" width=\"1024\" height=\"684\" src=\"https:\/\/haarfrei-ruhrpott.de\/wp-content\/uploads\/2024\/04\/iStock-1163194752-1024x684.jpg\" class=\"attachment-large size-large wp-image-239\" alt=\"\" srcset=\"https:\/\/haarfrei-ruhrpott.de\/wp-content\/uploads\/2024\/04\/iStock-1163194752-1024x684.jpg 1024w, https:\/\/haarfrei-ruhrpott.de\/wp-content\/uploads\/2024\/04\/iStock-1163194752-300x200.jpg 300w, https:\/\/haarfrei-ruhrpott.de\/wp-content\/uploads\/2024\/04\/iStock-1163194752-768x513.jpg 768w, https:\/\/haarfrei-ruhrpott.de\/wp-content\/uploads\/2024\/04\/iStock-1163194752-1536x1025.jpg 1536w, https:\/\/haarfrei-ruhrpott.de\/wp-content\/uploads\/2024\/04\/iStock-1163194752-2048x1367.jpg 2048w, https:\/\/haarfrei-ruhrpott.de\/wp-content\/uploads\/2024\/04\/iStock-1163194752-90x60.jpg 90w, https:\/\/haarfrei-ruhrpott.de\/wp-content\/uploads\/2024\/04\/iStock-1163194752-370x247.jpg 370w, https:\/\/haarfrei-ruhrpott.de\/wp-content\/uploads\/2024\/04\/iStock-1163194752-776x517.jpg 776w\" sizes=\"(max-width: 1024px) 100vw, 1024px\" \/>\t\t\t\t\t\t\t\t\t\t\t\t\t\t\t<\/div>\n\t\t\t\t<\/div>\n\t\t\t\t<\/div>\n\t\t\t\t\t<\/div>\n\t\t\t\t<\/div>\n\t\t<div class=\"elementor-element elementor-element-66fa1e4 e-flex e-con-boxed e-con e-parent\" data-id=\"66fa1e4\" data-element_type=\"container\" data-e-type=\"container\">\n\t\t\t\t\t<div class=\"e-con-inner\">\n\t\t\t\t<div class=\"elementor-element elementor-element-ea427e1 elementor-widget elementor-widget-text-editor\" data-id=\"ea427e1\" data-element_type=\"widget\" data-e-type=\"widget\" data-widget_type=\"text-editor.default\">\n\t\t\t\t<div class=\"elementor-widget-container\">\n\t\t\t\t\t\t\t\t\t<p><strong>Welche Haut- und Haartypen k\u00f6nnen mit dem Dioden-Laser behandelt werden?<img loading=\"lazy\" decoding=\"async\" class=\"size-medium wp-image-488 alignright\" src=\"https:\/\/haarfrei-ruhrpott.de\/wp-content\/uploads\/2024\/04\/Bild-Frau-mit-Zonen-260x300.jpg\" alt=\"\" width=\"260\" height=\"300\" srcset=\"https:\/\/haarfrei-ruhrpott.de\/wp-content\/uploads\/2024\/04\/Bild-Frau-mit-Zonen-260x300.jpg 260w, https:\/\/haarfrei-ruhrpott.de\/wp-content\/uploads\/2024\/04\/Bild-Frau-mit-Zonen-52x60.jpg 52w, https:\/\/haarfrei-ruhrpott.de\/wp-content\/uploads\/2024\/04\/Bild-Frau-mit-Zonen.jpg 712w\" sizes=\"(max-width: 260px) 100vw, 260px\" \/><\/strong><\/p><p>Der moderne Dioden-Laser eignet sich f\u00fcr fast alle Haut- und Haartypen von Frauen und M\u00e4nnern.<\/p><p>Menschen mit hellerer Haut und dunklen Haaren sind grunds\u00e4tzlich am besten f\u00fcr die permanente Haarentfernung mit dem Dioden-Laser geeignet. Bei dunklen Hauttypen mit tief verwurzelten Haaren bietet allein ein Dioden-Laser zufriedenstellende Ergebnisse, weil das Licht des Dioden-Lasers tief genug in die Haut eindringen kann. Der moderne Dioden-Laser kann aber auch bei helleren Haaren dazu beitragen, Haare dauerhaft zu entfernen. Entscheidend ist hierbei der Anteil des Farbstoffs Melanin.<\/p><p>Viele Studios arbeiten mit \u00e4lteren Ger\u00e4ten, die sich nicht an verschiedene Haut- und Haartypen anpassen lassen. Doch gerade im Sommer sorgen nicht nur der Strand, sondern auch Radtouren, Spazierg\u00e4nge oder Autofahrten ohne Verdeck bei fast jedem f\u00fcr einen dunkleren Teint. Da raten viele Behandlerinnen und Behandler voreilig ganz von der Laser-Haarentfernung ab. Um die dauerhafte Haarentfernung auch bei gebr\u00e4unter oder dunklerer Haut m\u00f6glich zu machen, setze ich auf den MeDioStar\u00ae, da sich dabei die Behandlungsintensit\u00e4t individuell regulieren l\u00e4sst. So kann ich auch bei dunklerer oder leicht gebr\u00e4unter Haut eine Einstellung w\u00e4hlen, die sicher und effektiv zugleich ist.<\/p><p>In einem ersten Beratungsgespr\u00e4ch werde ich die Erfolgschancen einer Behandlung ermitteln und wir k\u00f6nnen zur Probe gerne zun\u00e4chst mit einer kleinen Zone (z.B. Achseln) beginnen.<\/p>\t\t\t\t\t\t\t\t<\/div>\n\t\t\t\t<\/div>\n\t\t\t\t\t<\/div>\n\t\t\t\t<\/div>\n\t\t<div class=\"elementor-element elementor-element-69306a0 e-flex e-con-boxed e-con e-parent\" data-id=\"69306a0\" data-element_type=\"container\" data-e-type=\"container\">\n\t\t\t\t\t<div class=\"e-con-inner\">\n\t\t\t\t<div class=\"elementor-element elementor-element-04d889c elementor-widget elementor-widget-heading\" data-id=\"04d889c\" data-element_type=\"widget\" data-e-type=\"widget\" data-widget_type=\"heading.default\">\n\t\t\t\t<div class=\"elementor-widget-container\">\n\t\t\t\t\t<h2 class=\"elementor-heading-title elementor-size-default\">Beratung<\/h2>\t\t\t\t<\/div>\n\t\t\t\t<\/div>\n\t\t\t\t\t<\/div>\n\t\t\t\t<\/div>\n\t\t<div class=\"elementor-element elementor-element-aca7eb1 e-flex e-con-boxed e-con e-parent\" data-id=\"aca7eb1\" data-element_type=\"container\" data-e-type=\"container\">\n\t\t\t\t\t<div class=\"e-con-inner\">\n\t\t<div class=\"elementor-element elementor-element-8b8a69b e-con-full e-flex e-con e-child\" data-id=\"8b8a69b\" data-element_type=\"container\" data-e-type=\"container\">\n\t\t\t\t<div class=\"elementor-element elementor-element-f9fc42f elementor-widget elementor-widget-text-editor\" data-id=\"f9fc42f\" data-element_type=\"widget\" data-e-type=\"widget\" data-widget_type=\"text-editor.default\">\n\t\t\t\t<div class=\"elementor-widget-container\">\n\t\t\t\t\t\t\t\t\t<p>Sie w\u00fcnschen sich seidenglatte Haut ohne st\u00f6rende Haare? Dann vereinbaren Sie unverbindlich einen Beratungstermin bei HAARFREI in Duisburg-Duissern.<\/p><p>Selbstverst\u00e4ndlich beantworte ich Ihnen alle Fragen in einem pers\u00f6nlichen Gespr\u00e4ch. Dabei werde ich mir dann die zu behandelnden K\u00f6rperregionen ansehen und Sie gerne detailliert \u00fcber die Behandlung informieren.<\/p><p>Ich freue mich auf Sie!<\/p>\t\t\t\t\t\t\t\t<\/div>\n\t\t\t\t<\/div>\n\t\t\t\t<\/div>\n\t\t<div class=\"elementor-element elementor-element-8e80a29 e-con-full e-flex e-con e-child\" data-id=\"8e80a29\" data-element_type=\"container\" data-e-type=\"container\">\n\t\t\t\t<div class=\"elementor-element elementor-element-72581e3 elementor-widget elementor-widget-image\" data-id=\"72581e3\" data-element_type=\"widget\" data-e-type=\"widget\" data-widget_type=\"image.default\">\n\t\t\t\t<div class=\"elementor-widget-container\">\n\t\t\t\t\t\t\t\t\t\t\t\t\t\t\t<img loading=\"lazy\" decoding=\"async\" width=\"166\" height=\"300\" src=\"https:\/\/haarfrei-ruhrpott.de\/wp-content\/uploads\/2024\/04\/20240428_162929-scaled-e1714369663285-166x300.jpg\" class=\"attachment-medium size-medium wp-image-435\" alt=\"\" srcset=\"https:\/\/haarfrei-ruhrpott.de\/wp-content\/uploads\/2024\/04\/20240428_162929-scaled-e1714369663285-166x300.jpg 166w, https:\/\/haarfrei-ruhrpott.de\/wp-content\/uploads\/2024\/04\/20240428_162929-scaled-e1714369663285-566x1024.jpg 566w, https:\/\/haarfrei-ruhrpott.de\/wp-content\/uploads\/2024\/04\/20240428_162929-scaled-e1714369663285-768x1391.jpg 768w, https:\/\/haarfrei-ruhrpott.de\/wp-content\/uploads\/2024\/04\/20240428_162929-scaled-e1714369663285-848x1536.jpg 848w, https:\/\/haarfrei-ruhrpott.de\/wp-content\/uploads\/2024\/04\/20240428_162929-scaled-e1714369663285-1131x2048.jpg 1131w, https:\/\/haarfrei-ruhrpott.de\/wp-content\/uploads\/2024\/04\/20240428_162929-scaled-e1714369663285-33x60.jpg 33w, https:\/\/haarfrei-ruhrpott.de\/wp-content\/uploads\/2024\/04\/20240428_162929-scaled-e1714369663285.jpg 1152w\" sizes=\"(max-width: 166px) 100vw, 166px\" \/>\t\t\t\t\t\t\t\t\t\t\t\t\t\t\t<\/div>\n\t\t\t\t<\/div>\n\t\t\t\t<\/div>\n\t\t\t\t\t<\/div>\n\t\t\t\t<\/div>\n\t\t<div class=\"elementor-element elementor-element-eb5875d e-flex e-con-boxed e-con e-parent\" data-id=\"eb5875d\" data-element_type=\"container\" data-e-type=\"container\">\n\t\t\t\t\t<div class=\"e-con-inner\">\n\t\t\t\t<div class=\"elementor-element elementor-element-c0a6a3a elementor-widget elementor-widget-heading\" data-id=\"c0a6a3a\" data-element_type=\"widget\" data-e-type=\"widget\" data-widget_type=\"heading.default\">\n\t\t\t\t<div class=\"elementor-widget-container\">\n\t\t\t\t\t<h2 class=\"elementor-heading-title elementor-size-default\">FAQ<\/h2>\t\t\t\t<\/div>\n\t\t\t\t<\/div>\n\t\t\t\t\t<\/div>\n\t\t\t\t<\/div>\n\t\t<div class=\"elementor-element elementor-element-d621364 e-flex e-con-boxed e-con e-parent\" data-id=\"d621364\" data-element_type=\"container\" data-e-type=\"container\">\n\t\t\t\t\t<div class=\"e-con-inner\">\n\t\t\t\t<div class=\"elementor-element elementor-element-ce8a365 elementor-widget elementor-widget-toggle\" data-id=\"ce8a365\" data-element_type=\"widget\" data-e-type=\"widget\" data-widget_type=\"toggle.default\">\n\t\t\t\t<div class=\"elementor-widget-container\">\n\t\t\t\t\t\t\t<div class=\"elementor-toggle\">\n\t\t\t\t\t\t\t<div class=\"elementor-toggle-item\">\n\t\t\t\t\t<div id=\"elementor-tab-title-2161\" class=\"elementor-tab-title\" data-tab=\"1\" role=\"button\" aria-controls=\"elementor-tab-content-2161\" aria-expanded=\"false\">\n\t\t\t\t\t\t\t\t\t\t\t\t<span class=\"elementor-toggle-icon elementor-toggle-icon-left\" aria-hidden=\"true\">\n\t\t\t\t\t\t\t\t\t\t\t\t\t\t\t<span class=\"elementor-toggle-icon-closed\"><svg class=\"e-font-icon-svg e-fas-caret-right\" viewBox=\"0 0 192 512\" xmlns=\"http:\/\/www.w3.org\/2000\/svg\"><path d=\"M0 384.662V127.338c0-17.818 21.543-26.741 34.142-14.142l128.662 128.662c7.81 7.81 7.81 20.474 0 28.284L34.142 398.804C21.543 411.404 0 402.48 0 384.662z\"><\/path><\/svg><\/span>\n\t\t\t\t\t\t\t\t<span class=\"elementor-toggle-icon-opened\"><svg class=\"elementor-toggle-icon-opened e-font-icon-svg e-fas-caret-up\" viewBox=\"0 0 320 512\" xmlns=\"http:\/\/www.w3.org\/2000\/svg\"><path d=\"M288.662 352H31.338c-17.818 0-26.741-21.543-14.142-34.142l128.662-128.662c7.81-7.81 20.474-7.81 28.284 0l128.662 128.662c12.6 12.599 3.676 34.142-14.142 34.142z\"><\/path><\/svg><\/span>\n\t\t\t\t\t\t\t\t\t\t\t\t\t<\/span>\n\t\t\t\t\t\t\t\t\t\t\t\t<a class=\"elementor-toggle-title\" tabindex=\"0\">Ist die Behandlung schmerzhaft?<\/a>\n\t\t\t\t\t<\/div>\n\n\t\t\t\t\t<div id=\"elementor-tab-content-2161\" class=\"elementor-tab-content elementor-clearfix\" data-tab=\"1\" role=\"region\" aria-labelledby=\"elementor-tab-title-2161\"><p>Die Haarentfernung mit Pulslicht oder Lasern ist nicht komplett schmerzfrei, jedoch nutze ich ein modernes Ger\u00e4t dessen Handst\u00fcck auf ca. 3\u00b0 Celsius runter gek\u00fchlt wird. Damit wird vor, w\u00e4hrend und nach jedem Impuls das behandelte Hautareal \u00fcber die ganze Auflagefl\u00e4che des Handst\u00fccks gek\u00fchlt. Dieser Umstand und die spezielle Technologie des verwendeten Handst\u00fcckes sind die Gr\u00fcnde f\u00fcr eine schonende, schmerzarme Haarentfernung und sorgen daf\u00fcr, dass man weder zu viel Hitze noch Schmerzen versp\u00fcrt- ein leichtes Pieken ist jedoch ausdr\u00fccklich erw\u00fcnscht. Es l\u00e4sst sich schwer mit dem Gef\u00fchl der Wachsenthaarung vergleichen, da wir keine Haare hinaus rei\u00dfen. Epilationslaser oder luftgek\u00fchlte IPL Systeme sind jedoch deutlich schmerzhafter als mein verwendetes Ger\u00e4t.<\/p><\/div>\n\t\t\t\t<\/div>\n\t\t\t\t\t\t\t<div class=\"elementor-toggle-item\">\n\t\t\t\t\t<div id=\"elementor-tab-title-2162\" class=\"elementor-tab-title\" data-tab=\"2\" role=\"button\" aria-controls=\"elementor-tab-content-2162\" aria-expanded=\"false\">\n\t\t\t\t\t\t\t\t\t\t\t\t<span class=\"elementor-toggle-icon elementor-toggle-icon-left\" aria-hidden=\"true\">\n\t\t\t\t\t\t\t\t\t\t\t\t\t\t\t<span class=\"elementor-toggle-icon-closed\"><svg class=\"e-font-icon-svg e-fas-caret-right\" viewBox=\"0 0 192 512\" xmlns=\"http:\/\/www.w3.org\/2000\/svg\"><path d=\"M0 384.662V127.338c0-17.818 21.543-26.741 34.142-14.142l128.662 128.662c7.81 7.81 7.81 20.474 0 28.284L34.142 398.804C21.543 411.404 0 402.48 0 384.662z\"><\/path><\/svg><\/span>\n\t\t\t\t\t\t\t\t<span class=\"elementor-toggle-icon-opened\"><svg class=\"elementor-toggle-icon-opened e-font-icon-svg e-fas-caret-up\" viewBox=\"0 0 320 512\" xmlns=\"http:\/\/www.w3.org\/2000\/svg\"><path d=\"M288.662 352H31.338c-17.818 0-26.741-21.543-14.142-34.142l128.662-128.662c7.81-7.81 20.474-7.81 28.284 0l128.662 128.662c12.6 12.599 3.676 34.142-14.142 34.142z\"><\/path><\/svg><\/span>\n\t\t\t\t\t\t\t\t\t\t\t\t\t<\/span>\n\t\t\t\t\t\t\t\t\t\t\t\t<a class=\"elementor-toggle-title\" tabindex=\"0\">Was kostet die Behandlung?<\/a>\n\t\t\t\t\t<\/div>\n\n\t\t\t\t\t<div id=\"elementor-tab-content-2162\" class=\"elementor-tab-content elementor-clearfix\" data-tab=\"2\" role=\"region\" aria-labelledby=\"elementor-tab-title-2162\"><p>Die Kosten einer Behandlungssitzung richten sich nach der Gr\u00f6\u00dfe des behandelten Areals und dem erforderlichen Zeitaufwand. Typische Werte liegen etwa zwischen 39,00 \u20ac je Sitzung (Oberlippe) bis etwa 210,00 \u20ac (Beine komplett), Beratungen sind kostenlos. Alle aktuellen Preise finden Sie <u>hier<\/u>.<\/p><\/div>\n\t\t\t\t<\/div>\n\t\t\t\t\t\t\t<div class=\"elementor-toggle-item\">\n\t\t\t\t\t<div id=\"elementor-tab-title-2163\" class=\"elementor-tab-title\" data-tab=\"3\" role=\"button\" aria-controls=\"elementor-tab-content-2163\" aria-expanded=\"false\">\n\t\t\t\t\t\t\t\t\t\t\t\t<span class=\"elementor-toggle-icon elementor-toggle-icon-left\" aria-hidden=\"true\">\n\t\t\t\t\t\t\t\t\t\t\t\t\t\t\t<span class=\"elementor-toggle-icon-closed\"><svg class=\"e-font-icon-svg e-fas-caret-right\" viewBox=\"0 0 192 512\" xmlns=\"http:\/\/www.w3.org\/2000\/svg\"><path d=\"M0 384.662V127.338c0-17.818 21.543-26.741 34.142-14.142l128.662 128.662c7.81 7.81 7.81 20.474 0 28.284L34.142 398.804C21.543 411.404 0 402.48 0 384.662z\"><\/path><\/svg><\/span>\n\t\t\t\t\t\t\t\t<span class=\"elementor-toggle-icon-opened\"><svg class=\"elementor-toggle-icon-opened e-font-icon-svg e-fas-caret-up\" viewBox=\"0 0 320 512\" xmlns=\"http:\/\/www.w3.org\/2000\/svg\"><path d=\"M288.662 352H31.338c-17.818 0-26.741-21.543-14.142-34.142l128.662-128.662c7.81-7.81 20.474-7.81 28.284 0l128.662 128.662c12.6 12.599 3.676 34.142-14.142 34.142z\"><\/path><\/svg><\/span>\n\t\t\t\t\t\t\t\t\t\t\t\t\t<\/span>\n\t\t\t\t\t\t\t\t\t\t\t\t<a class=\"elementor-toggle-title\" tabindex=\"0\">Was passiert nach der Behandlung?<\/a>\n\t\t\t\t\t<\/div>\n\n\t\t\t\t\t<div id=\"elementor-tab-content-2163\" class=\"elementor-tab-content elementor-clearfix\" data-tab=\"3\" role=\"region\" aria-labelledby=\"elementor-tab-title-2163\"><p><img loading=\"lazy\" decoding=\"async\" class=\"size-medium wp-image-217 alignright\" src=\"https:\/\/haarfrei-duissern.de\/wordpress\/wp-content\/uploads\/2024\/04\/faq1-300x284.png\" alt=\"\" width=\"300\" height=\"284\" srcset=\"https:\/\/haarfrei-ruhrpott.de\/wp-content\/uploads\/2024\/04\/faq1-300x284.png 300w, https:\/\/haarfrei-ruhrpott.de\/wp-content\/uploads\/2024\/04\/faq1-63x60.png 63w, https:\/\/haarfrei-ruhrpott.de\/wp-content\/uploads\/2024\/04\/faq1.png 698w\" sizes=\"(max-width: 300px) 100vw, 300px\" \/>Die Haare im behandelten Gebiet fallen erst nach etwa 8 bis 14 Tagen aus, wenn der zerst\u00f6rte Bereich der Haarzwiebel, die sich je nach K\u00f6rperregion ca. 1 mm bis 5 mm tief in der Haut befindet, keinen Halt mehr bietet. In der behandelten Region wachsen allerdings andere Haare (\u201eschlafende Haare\u201c) nach, die sich zun\u00e4chst in der telogenen Ruhephase befanden und erst nach und nach in die anagene Wachstumsphase eintreten. <br \/>Diese Haare d\u00fcrfen weder gezupft noch mit Wachs oder anderen Methoden entfernt werden, sonst fehlt f\u00fcr die n\u00e4chste Behandlung das Ziel. Unerw\u00fcnschte Haare d\u00fcrfen allerdings \u2013 so oft man es f\u00fcr notwendig h\u00e4lt \u2013 rasiert werden. Durch Rasieren wachsen nicht mehr Haare \u2013 das ist nur ein hartn\u00e4ckiges M\u00e4rchen!<\/p><\/div>\n\t\t\t\t<\/div>\n\t\t\t\t\t\t\t<div class=\"elementor-toggle-item\">\n\t\t\t\t\t<div id=\"elementor-tab-title-2164\" class=\"elementor-tab-title\" data-tab=\"4\" role=\"button\" aria-controls=\"elementor-tab-content-2164\" aria-expanded=\"false\">\n\t\t\t\t\t\t\t\t\t\t\t\t<span class=\"elementor-toggle-icon elementor-toggle-icon-left\" aria-hidden=\"true\">\n\t\t\t\t\t\t\t\t\t\t\t\t\t\t\t<span class=\"elementor-toggle-icon-closed\"><svg class=\"e-font-icon-svg e-fas-caret-right\" viewBox=\"0 0 192 512\" xmlns=\"http:\/\/www.w3.org\/2000\/svg\"><path d=\"M0 384.662V127.338c0-17.818 21.543-26.741 34.142-14.142l128.662 128.662c7.81 7.81 7.81 20.474 0 28.284L34.142 398.804C21.543 411.404 0 402.48 0 384.662z\"><\/path><\/svg><\/span>\n\t\t\t\t\t\t\t\t<span class=\"elementor-toggle-icon-opened\"><svg class=\"elementor-toggle-icon-opened e-font-icon-svg e-fas-caret-up\" viewBox=\"0 0 320 512\" xmlns=\"http:\/\/www.w3.org\/2000\/svg\"><path d=\"M288.662 352H31.338c-17.818 0-26.741-21.543-14.142-34.142l128.662-128.662c7.81-7.81 20.474-7.81 28.284 0l128.662 128.662c12.6 12.599 3.676 34.142-14.142 34.142z\"><\/path><\/svg><\/span>\n\t\t\t\t\t\t\t\t\t\t\t\t\t<\/span>\n\t\t\t\t\t\t\t\t\t\t\t\t<a class=\"elementor-toggle-title\" tabindex=\"0\">Welche Erfahrungen hat HAARFREI?<\/a>\n\t\t\t\t\t<\/div>\n\n\t\t\t\t\t<div id=\"elementor-tab-content-2164\" class=\"elementor-tab-content elementor-clearfix\" data-tab=\"4\" role=\"region\" aria-labelledby=\"elementor-tab-title-2164\"><p><a href=\"https:\/\/haarfrei-duissern.de\/wordpress\/wp-content\/uploads\/2024\/04\/NISV-Zertifikat-Homepage.jpg\"><img loading=\"lazy\" decoding=\"async\" class=\"alignright wp-image-37 size-medium\" src=\"https:\/\/haarfrei-duissern.de\/wordpress\/wp-content\/uploads\/2024\/04\/NISV-Zertifikat-Homepage-211x300.jpg\" alt=\"\" width=\"211\" height=\"300\" srcset=\"https:\/\/haarfrei-ruhrpott.de\/wp-content\/uploads\/2024\/04\/NISV-Zertifikat-Homepage-211x300.jpg 211w, https:\/\/haarfrei-ruhrpott.de\/wp-content\/uploads\/2024\/04\/NISV-Zertifikat-Homepage-720x1024.jpg 720w, https:\/\/haarfrei-ruhrpott.de\/wp-content\/uploads\/2024\/04\/NISV-Zertifikat-Homepage-768x1092.jpg 768w, https:\/\/haarfrei-ruhrpott.de\/wp-content\/uploads\/2024\/04\/NISV-Zertifikat-Homepage-1080x1536.jpg 1080w, https:\/\/haarfrei-ruhrpott.de\/wp-content\/uploads\/2024\/04\/NISV-Zertifikat-Homepage-42x60.jpg 42w, https:\/\/haarfrei-ruhrpott.de\/wp-content\/uploads\/2024\/04\/NISV-Zertifikat-Homepage.jpg 1125w\" sizes=\"(max-width: 211px) 100vw, 211px\" \/><\/a>Die deutsche Herstellerfirma des von mir eingesetzten Systems verf\u00fcgt \u00fcber jahrelange Erfahrung auf dem Gebiet der Photoepilation, sowohl mit Epilationslasern, als auch mit modernen Pulslichtsystemen und Dioden-Lasern, in Deutschland und in der ganzen Welt. Die enge Zusammenarbeit mit f\u00fchrenden \u00e4sthetischen Zentren sowie ausf\u00fchrliche Schulungen der Anwender gew\u00e4hrleisten eine kompetente Beratung und langfristig erfolgreiche Behandlungsergebnisse.<\/p><p>Ich selbst verf\u00fcge \u00fcber langj\u00e4hrige Erfahrungen in der dauerhaften Haarentfernung mit dem Dioden-Laser und habe unz\u00e4hlige zufriedene Kundinnen und Kunden von unerw\u00fcnschten Haaren befreit.<\/p><p>Selbstverst\u00e4ndlich bin ich NISV-zertifiziert und f\u00fchre individuelle und ausf\u00fchrliche Beratungsgespr\u00e4che, um meine Kunden auf die Behandlung vorzubereiten.<\/p><\/div>\n\t\t\t\t<\/div>\n\t\t\t\t\t\t\t<div class=\"elementor-toggle-item\">\n\t\t\t\t\t<div id=\"elementor-tab-title-2165\" class=\"elementor-tab-title\" data-tab=\"5\" role=\"button\" aria-controls=\"elementor-tab-content-2165\" aria-expanded=\"false\">\n\t\t\t\t\t\t\t\t\t\t\t\t<span class=\"elementor-toggle-icon elementor-toggle-icon-left\" aria-hidden=\"true\">\n\t\t\t\t\t\t\t\t\t\t\t\t\t\t\t<span class=\"elementor-toggle-icon-closed\"><svg class=\"e-font-icon-svg e-fas-caret-right\" viewBox=\"0 0 192 512\" xmlns=\"http:\/\/www.w3.org\/2000\/svg\"><path d=\"M0 384.662V127.338c0-17.818 21.543-26.741 34.142-14.142l128.662 128.662c7.81 7.81 7.81 20.474 0 28.284L34.142 398.804C21.543 411.404 0 402.48 0 384.662z\"><\/path><\/svg><\/span>\n\t\t\t\t\t\t\t\t<span class=\"elementor-toggle-icon-opened\"><svg class=\"elementor-toggle-icon-opened e-font-icon-svg e-fas-caret-up\" viewBox=\"0 0 320 512\" xmlns=\"http:\/\/www.w3.org\/2000\/svg\"><path d=\"M288.662 352H31.338c-17.818 0-26.741-21.543-14.142-34.142l128.662-128.662c7.81-7.81 20.474-7.81 28.284 0l128.662 128.662c12.6 12.599 3.676 34.142-14.142 34.142z\"><\/path><\/svg><\/span>\n\t\t\t\t\t\t\t\t\t\t\t\t\t<\/span>\n\t\t\t\t\t\t\t\t\t\t\t\t<a class=\"elementor-toggle-title\" tabindex=\"0\">Welche Nebenwirkungen k\u00f6nnen auftreten?<\/a>\n\t\t\t\t\t<\/div>\n\n\t\t\t\t\t<div id=\"elementor-tab-content-2165\" class=\"elementor-tab-content elementor-clearfix\" data-tab=\"5\" role=\"region\" aria-labelledby=\"elementor-tab-title-2165\"><p>Nebenwirkungen sind bei korrekter Anwendung der Systeme und sorgf\u00e4ltiger Einstellung der Behandlungsparameter sehr selten. Abh\u00e4ngig vom Hauttyp und den gew\u00e4hlten Einstellungen kann im behandelten Gebiet eine R\u00f6tung auftreten, gelegentlich auch eine leichte Schwellung. Diese Symptome verschwinden in der Regel schnell wieder. K\u00fchlung der betroffenen Hautareale lindert aufgetretene Nebenwirkungen. Selten werden heftigere Reaktionen beobachtet, grunds\u00e4tzlich m\u00f6glich sind Reaktionen bis hin zu \u201eSonnenbrand\u201d und Verbrennungen.<\/p><p>Es k\u00f6nnen Hypo- oder Hyperpigmentierungen auftreten, die Haut also nach der Behandlung partiell heller (oder dunkler) erscheinen, diese Flecken bilden sich im Lauf der Zeit von selbst zur\u00fcck. Fast immer liegt die Ursache f\u00fcr die beschriebenen Probleme darin, dass vor oder nach der Behandlung Sonnenb\u00e4der ohne entsprechend hohen Lichtschutz der betroffenen K\u00f6rperregionen genommen wurden oder durch bestimmte Medikamente eine erh\u00f6hte Lichtempfindlichkeit der Haut hervorgerufen wurde. In unserem Beratungsgespr\u00e4ch gehe ich auf diese Punkte besonders ein.<\/p><\/div>\n\t\t\t\t<\/div>\n\t\t\t\t\t\t\t<div class=\"elementor-toggle-item\">\n\t\t\t\t\t<div id=\"elementor-tab-title-2166\" class=\"elementor-tab-title\" data-tab=\"6\" role=\"button\" aria-controls=\"elementor-tab-content-2166\" aria-expanded=\"false\">\n\t\t\t\t\t\t\t\t\t\t\t\t<span class=\"elementor-toggle-icon elementor-toggle-icon-left\" aria-hidden=\"true\">\n\t\t\t\t\t\t\t\t\t\t\t\t\t\t\t<span class=\"elementor-toggle-icon-closed\"><svg class=\"e-font-icon-svg e-fas-caret-right\" viewBox=\"0 0 192 512\" xmlns=\"http:\/\/www.w3.org\/2000\/svg\"><path d=\"M0 384.662V127.338c0-17.818 21.543-26.741 34.142-14.142l128.662 128.662c7.81 7.81 7.81 20.474 0 28.284L34.142 398.804C21.543 411.404 0 402.48 0 384.662z\"><\/path><\/svg><\/span>\n\t\t\t\t\t\t\t\t<span class=\"elementor-toggle-icon-opened\"><svg class=\"elementor-toggle-icon-opened e-font-icon-svg e-fas-caret-up\" viewBox=\"0 0 320 512\" xmlns=\"http:\/\/www.w3.org\/2000\/svg\"><path d=\"M288.662 352H31.338c-17.818 0-26.741-21.543-14.142-34.142l128.662-128.662c7.81-7.81 20.474-7.81 28.284 0l128.662 128.662c12.6 12.599 3.676 34.142-14.142 34.142z\"><\/path><\/svg><\/span>\n\t\t\t\t\t\t\t\t\t\t\t\t\t<\/span>\n\t\t\t\t\t\t\t\t\t\t\t\t<a class=\"elementor-toggle-title\" tabindex=\"0\">Welche Verhaltensregeln sind zu beachten?<\/a>\n\t\t\t\t\t<\/div>\n\n\t\t\t\t\t<div id=\"elementor-tab-content-2166\" class=\"elementor-tab-content elementor-clearfix\" data-tab=\"6\" role=\"region\" aria-labelledby=\"elementor-tab-title-2166\"><p>Grunds\u00e4tzlich ist die Haarentfernung mit dem Dioden-Laser schonend und hindert in keiner Weise daran, s\u00e4mtliche Aktivit\u00e4ten in Beruf und Freizeit problemlos auszu\u00fcben. Eingeschr\u00e4nkt werden muss allerdings der Besuch im Solarium bzw. die nat\u00fcrliche Sonnenbr\u00e4unung f\u00fcr etwa 2 Wochen vor und nach jeder Behandlung. Durch die zus\u00e4tzliche Belastung der Haut mit UV-Strahlung und Br\u00e4unung wird das Risiko f\u00fcr Nebenwirkungen (Sonnenbrand, Pigmentverschiebungen) ansonsten erh\u00f6ht.<\/p>\n<p><span style=\"font-family: var( --e-global-typography-text-font-family ), Sans-serif;\">W\u00e4hrend des Behandlungszeitraumes sollten man auf das zu behandelnde Areal einen Sonnenschutz mit Lichtschutzfaktor 50 auftragen, da auch normales Tageslicht Pigmentverschiebungen beg\u00fcnstigen kann.<\/span><br><\/p><\/div>\n\t\t\t\t<\/div>\n\t\t\t\t\t\t\t<div class=\"elementor-toggle-item\">\n\t\t\t\t\t<div id=\"elementor-tab-title-2167\" class=\"elementor-tab-title\" data-tab=\"7\" role=\"button\" aria-controls=\"elementor-tab-content-2167\" aria-expanded=\"false\">\n\t\t\t\t\t\t\t\t\t\t\t\t<span class=\"elementor-toggle-icon elementor-toggle-icon-left\" aria-hidden=\"true\">\n\t\t\t\t\t\t\t\t\t\t\t\t\t\t\t<span class=\"elementor-toggle-icon-closed\"><svg class=\"e-font-icon-svg e-fas-caret-right\" viewBox=\"0 0 192 512\" xmlns=\"http:\/\/www.w3.org\/2000\/svg\"><path d=\"M0 384.662V127.338c0-17.818 21.543-26.741 34.142-14.142l128.662 128.662c7.81 7.81 7.81 20.474 0 28.284L34.142 398.804C21.543 411.404 0 402.48 0 384.662z\"><\/path><\/svg><\/span>\n\t\t\t\t\t\t\t\t<span class=\"elementor-toggle-icon-opened\"><svg class=\"elementor-toggle-icon-opened e-font-icon-svg e-fas-caret-up\" viewBox=\"0 0 320 512\" xmlns=\"http:\/\/www.w3.org\/2000\/svg\"><path d=\"M288.662 352H31.338c-17.818 0-26.741-21.543-14.142-34.142l128.662-128.662c7.81-7.81 20.474-7.81 28.284 0l128.662 128.662c12.6 12.599 3.676 34.142-14.142 34.142z\"><\/path><\/svg><\/span>\n\t\t\t\t\t\t\t\t\t\t\t\t\t<\/span>\n\t\t\t\t\t\t\t\t\t\t\t\t<a class=\"elementor-toggle-title\" tabindex=\"0\">Wer kann behandelt werden?<\/a>\n\t\t\t\t\t<\/div>\n\n\t\t\t\t\t<div id=\"elementor-tab-content-2167\" class=\"elementor-tab-content elementor-clearfix\" data-tab=\"7\" role=\"region\" aria-labelledby=\"elementor-tab-title-2167\"><p>Grunds\u00e4tzlich k\u00f6nnen alle Frauen und M\u00e4nner behandelt werden, deren unerw\u00fcnschte Haare pigmentiert sind, also von blond bis schwarz. V\u00f6llig unpigmentierte, wei\u00dfe Haare lassen sich nicht durch Photoepilation entfernen, weder mit Pulslicht noch mit einem Laser. Auch die hellen Flaumh\u00e4rchen (Vellushaare) lassen sich nicht entfernen. Dank des MeDioStar\u00ae Dioden-Lasers k\u00f6nnen alle Hauttypen und -farben behandelt werden.<\/p><\/div>\n\t\t\t\t<\/div>\n\t\t\t\t\t\t\t<div class=\"elementor-toggle-item\">\n\t\t\t\t\t<div id=\"elementor-tab-title-2168\" class=\"elementor-tab-title\" data-tab=\"8\" role=\"button\" aria-controls=\"elementor-tab-content-2168\" aria-expanded=\"false\">\n\t\t\t\t\t\t\t\t\t\t\t\t<span class=\"elementor-toggle-icon elementor-toggle-icon-left\" aria-hidden=\"true\">\n\t\t\t\t\t\t\t\t\t\t\t\t\t\t\t<span class=\"elementor-toggle-icon-closed\"><svg class=\"e-font-icon-svg e-fas-caret-right\" viewBox=\"0 0 192 512\" xmlns=\"http:\/\/www.w3.org\/2000\/svg\"><path d=\"M0 384.662V127.338c0-17.818 21.543-26.741 34.142-14.142l128.662 128.662c7.81 7.81 7.81 20.474 0 28.284L34.142 398.804C21.543 411.404 0 402.48 0 384.662z\"><\/path><\/svg><\/span>\n\t\t\t\t\t\t\t\t<span class=\"elementor-toggle-icon-opened\"><svg class=\"elementor-toggle-icon-opened e-font-icon-svg e-fas-caret-up\" viewBox=\"0 0 320 512\" xmlns=\"http:\/\/www.w3.org\/2000\/svg\"><path d=\"M288.662 352H31.338c-17.818 0-26.741-21.543-14.142-34.142l128.662-128.662c7.81-7.81 20.474-7.81 28.284 0l128.662 128.662c12.6 12.599 3.676 34.142-14.142 34.142z\"><\/path><\/svg><\/span>\n\t\t\t\t\t\t\t\t\t\t\t\t\t<\/span>\n\t\t\t\t\t\t\t\t\t\t\t\t<a class=\"elementor-toggle-title\" tabindex=\"0\">Wie dauerhaft ist die Haarentfernung?<\/a>\n\t\t\t\t\t<\/div>\n\n\t\t\t\t\t<div id=\"elementor-tab-content-2168\" class=\"elementor-tab-content elementor-clearfix\" data-tab=\"8\" role=\"region\" aria-labelledby=\"elementor-tab-title-2168\"><p>100% Haarentfernung bis zum Lebensende kann keiner versprechen. Nach gut durchgef\u00fchrten Behandlungen sollten bis etwa 90% der Haare dauerhaft entfernt sein, weil die Stammzellen in der Haarpapille zerst\u00f6rt werden, aus denen dann keine Haare mehr wachsen k\u00f6nnen. Haare, die sich sp\u00e4ter vielleicht doch noch zeigen, sind in der Regel deutlich heller und d\u00fcnner, st\u00f6ren also weniger. Mit wenigen Sitzungen ein oder zwei Jahre nach der ersten erfolgten Behandlungsphase ist auch dieses kleine Problem l\u00f6sbar und man kommt dem Ziel einer vollst\u00e4ndigen, dauerhaften Haarentfernung sehr nahe.<\/p><\/div>\n\t\t\t\t<\/div>\n\t\t\t\t\t\t\t<div class=\"elementor-toggle-item\">\n\t\t\t\t\t<div id=\"elementor-tab-title-2169\" class=\"elementor-tab-title\" data-tab=\"9\" role=\"button\" aria-controls=\"elementor-tab-content-2169\" aria-expanded=\"false\">\n\t\t\t\t\t\t\t\t\t\t\t\t<span class=\"elementor-toggle-icon elementor-toggle-icon-left\" aria-hidden=\"true\">\n\t\t\t\t\t\t\t\t\t\t\t\t\t\t\t<span class=\"elementor-toggle-icon-closed\"><svg class=\"e-font-icon-svg e-fas-caret-right\" viewBox=\"0 0 192 512\" xmlns=\"http:\/\/www.w3.org\/2000\/svg\"><path d=\"M0 384.662V127.338c0-17.818 21.543-26.741 34.142-14.142l128.662 128.662c7.81 7.81 7.81 20.474 0 28.284L34.142 398.804C21.543 411.404 0 402.48 0 384.662z\"><\/path><\/svg><\/span>\n\t\t\t\t\t\t\t\t<span class=\"elementor-toggle-icon-opened\"><svg class=\"elementor-toggle-icon-opened e-font-icon-svg e-fas-caret-up\" viewBox=\"0 0 320 512\" xmlns=\"http:\/\/www.w3.org\/2000\/svg\"><path d=\"M288.662 352H31.338c-17.818 0-26.741-21.543-14.142-34.142l128.662-128.662c7.81-7.81 20.474-7.81 28.284 0l128.662 128.662c12.6 12.599 3.676 34.142-14.142 34.142z\"><\/path><\/svg><\/span>\n\t\t\t\t\t\t\t\t\t\t\t\t\t<\/span>\n\t\t\t\t\t\t\t\t\t\t\t\t<a class=\"elementor-toggle-title\" tabindex=\"0\">Wie lange dauert eine Behandlung?<\/a>\n\t\t\t\t\t<\/div>\n\n\t\t\t\t\t<div id=\"elementor-tab-content-2169\" class=\"elementor-tab-content elementor-clearfix\" data-tab=\"9\" role=\"region\" aria-labelledby=\"elementor-tab-title-2169\"><p>Eine Behandlung dauert zwischen wenigen Minuten (z.B. f\u00fcr Kinn, Oberlippe) und etwa 20 bis 30 Minuten (z.B. f\u00fcr ein Bein).<\/p><\/div>\n\t\t\t\t<\/div>\n\t\t\t\t\t\t\t<div class=\"elementor-toggle-item\">\n\t\t\t\t\t<div id=\"elementor-tab-title-21610\" class=\"elementor-tab-title\" data-tab=\"10\" role=\"button\" aria-controls=\"elementor-tab-content-21610\" aria-expanded=\"false\">\n\t\t\t\t\t\t\t\t\t\t\t\t<span class=\"elementor-toggle-icon elementor-toggle-icon-left\" aria-hidden=\"true\">\n\t\t\t\t\t\t\t\t\t\t\t\t\t\t\t<span class=\"elementor-toggle-icon-closed\"><svg class=\"e-font-icon-svg e-fas-caret-right\" viewBox=\"0 0 192 512\" xmlns=\"http:\/\/www.w3.org\/2000\/svg\"><path d=\"M0 384.662V127.338c0-17.818 21.543-26.741 34.142-14.142l128.662 128.662c7.81 7.81 7.81 20.474 0 28.284L34.142 398.804C21.543 411.404 0 402.48 0 384.662z\"><\/path><\/svg><\/span>\n\t\t\t\t\t\t\t\t<span class=\"elementor-toggle-icon-opened\"><svg class=\"elementor-toggle-icon-opened e-font-icon-svg e-fas-caret-up\" viewBox=\"0 0 320 512\" xmlns=\"http:\/\/www.w3.org\/2000\/svg\"><path d=\"M288.662 352H31.338c-17.818 0-26.741-21.543-14.142-34.142l128.662-128.662c7.81-7.81 20.474-7.81 28.284 0l128.662 128.662c12.6 12.599 3.676 34.142-14.142 34.142z\"><\/path><\/svg><\/span>\n\t\t\t\t\t\t\t\t\t\t\t\t\t<\/span>\n\t\t\t\t\t\t\t\t\t\t\t\t<a class=\"elementor-toggle-title\" tabindex=\"0\">Wie l\u00e4uft eine Behandlung ab?<\/a>\n\t\t\t\t\t<\/div>\n\n\t\t\t\t\t<div id=\"elementor-tab-content-21610\" class=\"elementor-tab-content elementor-clearfix\" data-tab=\"10\" role=\"region\" aria-labelledby=\"elementor-tab-title-21610\"><p>Die Haare im Behandlungsareal m\u00fcssen vor der Behandlung rasiert sein, idealerweise sollten zwischen Rasieren und dem Lasertermin einige Stunden liegen. Wichtig ist: Lassen Sie bitte eine Stelle in der Gr\u00f6\u00dfe einer 2\u20ac M\u00fcnze stehen, damit ich das Haar- und das Haarwachstum erkennen kann. So kann ich entscheiden, welche Systemeinstellung f\u00fcr Sie am besten ist und wie sich Ihr Haarwachstum nach Folgebehandlungen ver\u00e4ndert hat.<\/p><p><img loading=\"lazy\" decoding=\"async\" class=\"size-medium wp-image-218 alignright\" src=\"https:\/\/haarfrei-duissern.de\/wordpress\/wp-content\/uploads\/2024\/04\/IMG_6118-300x214.jpg\" alt=\"\" width=\"300\" height=\"214\" srcset=\"https:\/\/haarfrei-ruhrpott.de\/wp-content\/uploads\/2024\/04\/IMG_6118-300x214.jpg 300w, https:\/\/haarfrei-ruhrpott.de\/wp-content\/uploads\/2024\/04\/IMG_6118-1024x732.jpg 1024w, https:\/\/haarfrei-ruhrpott.de\/wp-content\/uploads\/2024\/04\/IMG_6118-768x549.jpg 768w, https:\/\/haarfrei-ruhrpott.de\/wp-content\/uploads\/2024\/04\/IMG_6118-1536x1098.jpg 1536w, https:\/\/haarfrei-ruhrpott.de\/wp-content\/uploads\/2024\/04\/IMG_6118-2048x1463.jpg 2048w, https:\/\/haarfrei-ruhrpott.de\/wp-content\/uploads\/2024\/04\/IMG_6118-84x60.jpg 84w\" sizes=\"(max-width: 300px) 100vw, 300px\" \/>Das Ziel der Behandlung besteht darin, unerw\u00fcnschte Haare dauerhaft zu entfernen. Dazu m\u00fcssen die Wachstumszonen im Bereich der Haarzwiebeln zerst\u00f6rt werden. Bei nicht rasierter Haut w\u00fcrde das \u00fcber der Hautoberfl\u00e4che gewachsene, sichtbare Haar, verbrannt werden. Das Haar scheint dann zwar entfernt, w\u00e4chst aber wieder nach. Schlie\u00dflich soll das Haar nicht nur von oben verbrannt werden, sondern der Haarfollikel in der Tiefe der Haut zerst\u00f6rt werden.\u00a0<\/p><p>Bevor das Handst\u00fcck auf die Haut aufgesetzt wird, wird d\u00fcnn Ultraschall-Gel aufgetragen, dass einen k\u00fchlen und sch\u00fctzenden Effekt hat.<\/p><\/div>\n\t\t\t\t<\/div>\n\t\t\t\t\t\t\t<div class=\"elementor-toggle-item\">\n\t\t\t\t\t<div id=\"elementor-tab-title-21611\" class=\"elementor-tab-title\" data-tab=\"11\" role=\"button\" aria-controls=\"elementor-tab-content-21611\" aria-expanded=\"false\">\n\t\t\t\t\t\t\t\t\t\t\t\t<span class=\"elementor-toggle-icon elementor-toggle-icon-left\" aria-hidden=\"true\">\n\t\t\t\t\t\t\t\t\t\t\t\t\t\t\t<span class=\"elementor-toggle-icon-closed\"><svg class=\"e-font-icon-svg e-fas-caret-right\" viewBox=\"0 0 192 512\" xmlns=\"http:\/\/www.w3.org\/2000\/svg\"><path d=\"M0 384.662V127.338c0-17.818 21.543-26.741 34.142-14.142l128.662 128.662c7.81 7.81 7.81 20.474 0 28.284L34.142 398.804C21.543 411.404 0 402.48 0 384.662z\"><\/path><\/svg><\/span>\n\t\t\t\t\t\t\t\t<span class=\"elementor-toggle-icon-opened\"><svg class=\"elementor-toggle-icon-opened e-font-icon-svg e-fas-caret-up\" viewBox=\"0 0 320 512\" xmlns=\"http:\/\/www.w3.org\/2000\/svg\"><path d=\"M288.662 352H31.338c-17.818 0-26.741-21.543-14.142-34.142l128.662-128.662c7.81-7.81 20.474-7.81 28.284 0l128.662 128.662c12.6 12.599 3.676 34.142-14.142 34.142z\"><\/path><\/svg><\/span>\n\t\t\t\t\t\t\t\t\t\t\t\t\t<\/span>\n\t\t\t\t\t\t\t\t\t\t\t\t<a class=\"elementor-toggle-title\" tabindex=\"0\">Wie viele Behandlungen sind erforderlich?<\/a>\n\t\t\t\t\t<\/div>\n\n\t\t\t\t\t<div id=\"elementor-tab-content-21611\" class=\"elementor-tab-content elementor-clearfix\" data-tab=\"11\" role=\"region\" aria-labelledby=\"elementor-tab-title-21611\"><p><img loading=\"lazy\" decoding=\"async\" class=\"size-medium wp-image-217 alignright\" src=\"https:\/\/haarfrei-duissern.de\/wordpress\/wp-content\/uploads\/2024\/04\/faq1-300x284.png\" alt=\"\" width=\"300\" height=\"284\" srcset=\"https:\/\/haarfrei-ruhrpott.de\/wp-content\/uploads\/2024\/04\/faq1-300x284.png 300w, https:\/\/haarfrei-ruhrpott.de\/wp-content\/uploads\/2024\/04\/faq1-63x60.png 63w, https:\/\/haarfrei-ruhrpott.de\/wp-content\/uploads\/2024\/04\/faq1.png 698w\" sizes=\"(max-width: 300px) 100vw, 300px\" \/>In einer einzelnen Behandlung k\u00f6nnen nicht alle unerw\u00fcnschten Haare entfernt werden, da die Haare in unterschiedlichen Zyklen wachsen.\u00a0<span style=\"font-family: var( --e-global-typography-text-font-family ), Sans-serif;\">Ein Teil der Haare befindet sich in der aktiven Wachstumsphase (anagen), ein anderer Teil in der ruhenden Phase (telogen). Je nach K\u00f6rperregion sind deshalb etwa 8-10 Behandlungen erforderlich. Zwischen den einzelnen Sitzungen sollte zudem eine Pause eingehalten werden, bei Behandlungen im Gesicht 4 Wochen, am unteren K\u00f6rper 6-8 Wochen und an den Beinen 8-12 Wochen.<\/span><\/p><\/div>\n\t\t\t\t<\/div>\n\t\t\t\t\t\t\t\t\t\t<script type=\"application\/ld+json\">{\"@context\":\"https:\\\/\\\/schema.org\",\"@type\":\"FAQPage\",\"mainEntity\":[{\"@type\":\"Question\",\"name\":\"Ist die Behandlung schmerzhaft?\",\"acceptedAnswer\":{\"@type\":\"Answer\",\"text\":\"<p>Die Haarentfernung mit Pulslicht oder Lasern ist nicht komplett schmerzfrei, jedoch nutze ich ein modernes Ger\\u00e4t dessen Handst\\u00fcck auf ca. 3\\u00b0 Celsius runter gek\\u00fchlt wird. Damit wird vor, w\\u00e4hrend und nach jedem Impuls das behandelte Hautareal \\u00fcber die ganze Auflagefl\\u00e4che des Handst\\u00fccks gek\\u00fchlt. Dieser Umstand und die spezielle Technologie des verwendeten Handst\\u00fcckes sind die Gr\\u00fcnde f\\u00fcr eine schonende, schmerzarme Haarentfernung und sorgen daf\\u00fcr, dass man weder zu viel Hitze noch Schmerzen versp\\u00fcrt- ein leichtes Pieken ist jedoch ausdr\\u00fccklich erw\\u00fcnscht. Es l\\u00e4sst sich schwer mit dem Gef\\u00fchl der Wachsenthaarung vergleichen, da wir keine Haare hinaus rei\\u00dfen. Epilationslaser oder luftgek\\u00fchlte IPL Systeme sind jedoch deutlich schmerzhafter als mein verwendetes Ger\\u00e4t.<\\\/p>\"}},{\"@type\":\"Question\",\"name\":\"Was kostet die Behandlung?\",\"acceptedAnswer\":{\"@type\":\"Answer\",\"text\":\"<p>Die Kosten einer Behandlungssitzung richten sich nach der Gr\\u00f6\\u00dfe des behandelten Areals und dem erforderlichen Zeitaufwand. Typische Werte liegen etwa zwischen 39,00 \\u20ac je Sitzung (Oberlippe) bis etwa 210,00 \\u20ac (Beine komplett), Beratungen sind kostenlos. Alle aktuellen Preise finden Sie <u>hier<\\\/u>.<\\\/p>\"}},{\"@type\":\"Question\",\"name\":\"Was passiert nach der Behandlung?\",\"acceptedAnswer\":{\"@type\":\"Answer\",\"text\":\"<p><img class=\\\"size-medium wp-image-217 alignright\\\" src=\\\"https:\\\/\\\/haarfrei-duissern.de\\\/wordpress\\\/wp-content\\\/uploads\\\/2024\\\/04\\\/faq1-300x284.png\\\" alt=\\\"\\\" width=\\\"300\\\" height=\\\"284\\\" \\\/>Die Haare im behandelten Gebiet fallen erst nach etwa 8 bis 14 Tagen aus, wenn der zerst\\u00f6rte Bereich der Haarzwiebel, die sich je nach K\\u00f6rperregion ca. 1 mm bis 5 mm tief in der Haut befindet, keinen Halt mehr bietet. In der behandelten Region wachsen allerdings andere Haare (\\u201eschlafende Haare\\u201c) nach, die sich zun\\u00e4chst in der telogenen Ruhephase befanden und erst nach und nach in die anagene Wachstumsphase eintreten. <br \\\/>Diese Haare d\\u00fcrfen weder gezupft noch mit Wachs oder anderen Methoden entfernt werden, sonst fehlt f\\u00fcr die n\\u00e4chste Behandlung das Ziel. Unerw\\u00fcnschte Haare d\\u00fcrfen allerdings \\u2013 so oft man es f\\u00fcr notwendig h\\u00e4lt \\u2013 rasiert werden. Durch Rasieren wachsen nicht mehr Haare \\u2013 das ist nur ein hartn\\u00e4ckiges M\\u00e4rchen!<\\\/p>\"}},{\"@type\":\"Question\",\"name\":\"Welche Erfahrungen hat HAARFREI?\",\"acceptedAnswer\":{\"@type\":\"Answer\",\"text\":\"<p><a href=\\\"https:\\\/\\\/haarfrei-duissern.de\\\/wordpress\\\/wp-content\\\/uploads\\\/2024\\\/04\\\/NISV-Zertifikat-Homepage.jpg\\\"><img class=\\\"alignright wp-image-37 size-medium\\\" src=\\\"https:\\\/\\\/haarfrei-duissern.de\\\/wordpress\\\/wp-content\\\/uploads\\\/2024\\\/04\\\/NISV-Zertifikat-Homepage-211x300.jpg\\\" alt=\\\"\\\" width=\\\"211\\\" height=\\\"300\\\" \\\/><\\\/a>Die deutsche Herstellerfirma des von mir eingesetzten Systems verf\\u00fcgt \\u00fcber jahrelange Erfahrung auf dem Gebiet der Photoepilation, sowohl mit Epilationslasern, als auch mit modernen Pulslichtsystemen und Dioden-Lasern, in Deutschland und in der ganzen Welt. Die enge Zusammenarbeit mit f\\u00fchrenden \\u00e4sthetischen Zentren sowie ausf\\u00fchrliche Schulungen der Anwender gew\\u00e4hrleisten eine kompetente Beratung und langfristig erfolgreiche Behandlungsergebnisse.<\\\/p><p>Ich selbst verf\\u00fcge \\u00fcber langj\\u00e4hrige Erfahrungen in der dauerhaften Haarentfernung mit dem Dioden-Laser und habe unz\\u00e4hlige zufriedene Kundinnen und Kunden von unerw\\u00fcnschten Haaren befreit.<\\\/p><p>Selbstverst\\u00e4ndlich bin ich NISV-zertifiziert und f\\u00fchre individuelle und ausf\\u00fchrliche Beratungsgespr\\u00e4che, um meine Kunden auf die Behandlung vorzubereiten.<\\\/p>\"}},{\"@type\":\"Question\",\"name\":\"Welche Nebenwirkungen k\\u00f6nnen auftreten?\",\"acceptedAnswer\":{\"@type\":\"Answer\",\"text\":\"<p>Nebenwirkungen sind bei korrekter Anwendung der Systeme und sorgf\\u00e4ltiger Einstellung der Behandlungsparameter sehr selten. Abh\\u00e4ngig vom Hauttyp und den gew\\u00e4hlten Einstellungen kann im behandelten Gebiet eine R\\u00f6tung auftreten, gelegentlich auch eine leichte Schwellung. Diese Symptome verschwinden in der Regel schnell wieder. K\\u00fchlung der betroffenen Hautareale lindert aufgetretene Nebenwirkungen. Selten werden heftigere Reaktionen beobachtet, grunds\\u00e4tzlich m\\u00f6glich sind Reaktionen bis hin zu \\u201eSonnenbrand\\u201d und Verbrennungen.<\\\/p><p>Es k\\u00f6nnen Hypo- oder Hyperpigmentierungen auftreten, die Haut also nach der Behandlung partiell heller (oder dunkler) erscheinen, diese Flecken bilden sich im Lauf der Zeit von selbst zur\\u00fcck. Fast immer liegt die Ursache f\\u00fcr die beschriebenen Probleme darin, dass vor oder nach der Behandlung Sonnenb\\u00e4der ohne entsprechend hohen Lichtschutz der betroffenen K\\u00f6rperregionen genommen wurden oder durch bestimmte Medikamente eine erh\\u00f6hte Lichtempfindlichkeit der Haut hervorgerufen wurde. In unserem Beratungsgespr\\u00e4ch gehe ich auf diese Punkte besonders ein.<\\\/p>\"}},{\"@type\":\"Question\",\"name\":\"Welche Verhaltensregeln sind zu beachten?\",\"acceptedAnswer\":{\"@type\":\"Answer\",\"text\":\"<p>Grunds\\u00e4tzlich ist die Haarentfernung mit dem Dioden-Laser schonend und hindert in keiner Weise daran, s\\u00e4mtliche Aktivit\\u00e4ten in Beruf und Freizeit problemlos auszu\\u00fcben. Eingeschr\\u00e4nkt werden muss allerdings der Besuch im Solarium bzw. die nat\\u00fcrliche Sonnenbr\\u00e4unung f\\u00fcr etwa 2 Wochen vor und nach jeder Behandlung. Durch die zus\\u00e4tzliche Belastung der Haut mit UV-Strahlung und Br\\u00e4unung wird das Risiko f\\u00fcr Nebenwirkungen (Sonnenbrand, Pigmentverschiebungen) ansonsten erh\\u00f6ht.<\\\/p>\\n<p><span style=\\\"font-family: var( --e-global-typography-text-font-family ), Sans-serif;\\\">W\\u00e4hrend des Behandlungszeitraumes sollten man auf das zu behandelnde Areal einen Sonnenschutz mit Lichtschutzfaktor 50 auftragen, da auch normales Tageslicht Pigmentverschiebungen beg\\u00fcnstigen kann.<\\\/span><br><\\\/p>\"}},{\"@type\":\"Question\",\"name\":\"Wer kann behandelt werden?\",\"acceptedAnswer\":{\"@type\":\"Answer\",\"text\":\"<p>Grunds\\u00e4tzlich k\\u00f6nnen alle Frauen und M\\u00e4nner behandelt werden, deren unerw\\u00fcnschte Haare pigmentiert sind, also von blond bis schwarz. V\\u00f6llig unpigmentierte, wei\\u00dfe Haare lassen sich nicht durch Photoepilation entfernen, weder mit Pulslicht noch mit einem Laser. Auch die hellen Flaumh\\u00e4rchen (Vellushaare) lassen sich nicht entfernen. Dank des MeDioStar\\u00ae Dioden-Lasers k\\u00f6nnen alle Hauttypen und -farben behandelt werden.<\\\/p>\"}},{\"@type\":\"Question\",\"name\":\"Wie dauerhaft ist die Haarentfernung?\",\"acceptedAnswer\":{\"@type\":\"Answer\",\"text\":\"<p>100% Haarentfernung bis zum Lebensende kann keiner versprechen. Nach gut durchgef\\u00fchrten Behandlungen sollten bis etwa 90% der Haare dauerhaft entfernt sein, weil die Stammzellen in der Haarpapille zerst\\u00f6rt werden, aus denen dann keine Haare mehr wachsen k\\u00f6nnen. Haare, die sich sp\\u00e4ter vielleicht doch noch zeigen, sind in der Regel deutlich heller und d\\u00fcnner, st\\u00f6ren also weniger. Mit wenigen Sitzungen ein oder zwei Jahre nach der ersten erfolgten Behandlungsphase ist auch dieses kleine Problem l\\u00f6sbar und man kommt dem Ziel einer vollst\\u00e4ndigen, dauerhaften Haarentfernung sehr nahe.<\\\/p>\"}},{\"@type\":\"Question\",\"name\":\"Wie lange dauert eine Behandlung?\",\"acceptedAnswer\":{\"@type\":\"Answer\",\"text\":\"<p>Eine Behandlung dauert zwischen wenigen Minuten (z.B. f\\u00fcr Kinn, Oberlippe) und etwa 20 bis 30 Minuten (z.B. f\\u00fcr ein Bein).<\\\/p>\"}},{\"@type\":\"Question\",\"name\":\"Wie l\\u00e4uft eine Behandlung ab?\",\"acceptedAnswer\":{\"@type\":\"Answer\",\"text\":\"<p>Die Haare im Behandlungsareal m\\u00fcssen vor der Behandlung rasiert sein, idealerweise sollten zwischen Rasieren und dem Lasertermin einige Stunden liegen. Wichtig ist: Lassen Sie bitte eine Stelle in der Gr\\u00f6\\u00dfe einer 2\\u20ac M\\u00fcnze stehen, damit ich das Haar- und das Haarwachstum erkennen kann. So kann ich entscheiden, welche Systemeinstellung f\\u00fcr Sie am besten ist und wie sich Ihr Haarwachstum nach Folgebehandlungen ver\\u00e4ndert hat.<\\\/p><p><img class=\\\"size-medium wp-image-218 alignright\\\" src=\\\"https:\\\/\\\/haarfrei-duissern.de\\\/wordpress\\\/wp-content\\\/uploads\\\/2024\\\/04\\\/IMG_6118-300x214.jpg\\\" alt=\\\"\\\" width=\\\"300\\\" height=\\\"214\\\" \\\/>Das Ziel der Behandlung besteht darin, unerw\\u00fcnschte Haare dauerhaft zu entfernen. Dazu m\\u00fcssen die Wachstumszonen im Bereich der Haarzwiebeln zerst\\u00f6rt werden. Bei nicht rasierter Haut w\\u00fcrde das \\u00fcber der Hautoberfl\\u00e4che gewachsene, sichtbare Haar, verbrannt werden. Das Haar scheint dann zwar entfernt, w\\u00e4chst aber wieder nach. Schlie\\u00dflich soll das Haar nicht nur von oben verbrannt werden, sondern der Haarfollikel in der Tiefe der Haut zerst\\u00f6rt werden.\\u00a0<\\\/p><p>Bevor das Handst\\u00fcck auf die Haut aufgesetzt wird, wird d\\u00fcnn Ultraschall-Gel aufgetragen, dass einen k\\u00fchlen und sch\\u00fctzenden Effekt hat.<\\\/p>\"}},{\"@type\":\"Question\",\"name\":\"Wie viele Behandlungen sind erforderlich?\",\"acceptedAnswer\":{\"@type\":\"Answer\",\"text\":\"<p><img class=\\\"size-medium wp-image-217 alignright\\\" src=\\\"https:\\\/\\\/haarfrei-duissern.de\\\/wordpress\\\/wp-content\\\/uploads\\\/2024\\\/04\\\/faq1-300x284.png\\\" alt=\\\"\\\" width=\\\"300\\\" height=\\\"284\\\" \\\/>In einer einzelnen Behandlung k\\u00f6nnen nicht alle unerw\\u00fcnschten Haare entfernt werden, da die Haare in unterschiedlichen Zyklen wachsen.\\u00a0<span style=\\\"font-family: var( --e-global-typography-text-font-family ), Sans-serif;\\\">Ein Teil der Haare befindet sich in der aktiven Wachstumsphase (anagen), ein anderer Teil in der ruhenden Phase (telogen). Je nach K\\u00f6rperregion sind deshalb etwa 8-10 Behandlungen erforderlich. Zwischen den einzelnen Sitzungen sollte zudem eine Pause eingehalten werden, bei Behandlungen im Gesicht 4 Wochen, am unteren K\\u00f6rper 6-8 Wochen und an den Beinen 8-12 Wochen.<\\\/span><\\\/p>\"}}]}<\/script>\n\t\t\t\t\t<\/div>\n\t\t\t\t\t\t<\/div>\n\t\t\t\t<\/div>\n\t\t\t\t\t<\/div>\n\t\t\t\t<\/div>\n\t\t<div class=\"elementor-element elementor-element-ca815e0 e-flex e-con-boxed e-con e-parent\" data-id=\"ca815e0\" data-element_type=\"container\" data-e-type=\"container\">\n\t\t\t\t\t<div class=\"e-con-inner\">\n\t\t\t\t<div class=\"elementor-element elementor-element-5f78602 elementor-widget-divider--view-line elementor-widget elementor-widget-divider\" data-id=\"5f78602\" data-element_type=\"widget\" data-e-type=\"widget\" data-widget_type=\"divider.default\">\n\t\t\t\t<div class=\"elementor-widget-container\">\n\t\t\t\t\t\t\t<div class=\"elementor-divider\">\n\t\t\t<span class=\"elementor-divider-separator\">\n\t\t\t\t\t\t<\/span>\n\t\t<\/div>\n\t\t\t\t\t\t<\/div>\n\t\t\t\t<\/div>\n\t\t\t\t<div class=\"elementor-element elementor-element-073199a elementor-widget elementor-widget-heading\" data-id=\"073199a\" data-element_type=\"widget\" data-e-type=\"widget\" data-widget_type=\"heading.default\">\n\t\t\t\t<div class=\"elementor-widget-container\">\n\t\t\t\t\t<h2 class=\"elementor-heading-title elementor-size-default\">Technische Details<\/h2>\t\t\t\t<\/div>\n\t\t\t\t<\/div>\n\t\t\t\t\t<\/div>\n\t\t\t\t<\/div>\n\t\t<div class=\"elementor-element elementor-element-ba317c0 e-flex e-con-boxed e-con e-parent\" data-id=\"ba317c0\" data-element_type=\"container\" data-e-type=\"container\">\n\t\t\t\t\t<div class=\"e-con-inner\">\n\t\t<div class=\"elementor-element elementor-element-2651186 e-con-full e-flex e-con e-child\" data-id=\"2651186\" data-element_type=\"container\" data-e-type=\"container\">\n\t\t\t\t<div class=\"elementor-element elementor-element-a328fb9 elementor-widget elementor-widget-text-editor\" data-id=\"a328fb9\" data-element_type=\"widget\" data-e-type=\"widget\" data-widget_type=\"text-editor.default\">\n\t\t\t\t<div class=\"elementor-widget-container\">\n\t\t\t\t\t\t\t\t\t<p><strong>Asclepion MeDioStar\u00ae Laser<\/strong><\/p>\t\t\t\t\t\t\t\t<\/div>\n\t\t\t\t<\/div>\n\t\t\t\t<\/div>\n\t\t<div class=\"elementor-element elementor-element-b8d8fb3 e-con-full e-flex e-con e-child\" data-id=\"b8d8fb3\" data-element_type=\"container\" data-e-type=\"container\">\n\t\t\t\t<\/div>\n\t\t\t\t\t<\/div>\n\t\t\t\t<\/div>\n\t\t<div class=\"elementor-element elementor-element-5676d7a e-flex e-con-boxed e-con e-parent\" data-id=\"5676d7a\" data-element_type=\"container\" data-e-type=\"container\">\n\t\t\t\t\t<div class=\"e-con-inner\">\n\t\t<div class=\"elementor-element elementor-element-09741dc e-con-full e-flex e-con e-child\" data-id=\"09741dc\" data-element_type=\"container\" data-e-type=\"container\">\n\t\t\t\t<div class=\"elementor-element elementor-element-64b0b74 elementor-widget elementor-widget-text-editor\" data-id=\"64b0b74\" data-element_type=\"widget\" data-e-type=\"widget\" data-widget_type=\"text-editor.default\">\n\t\t\t\t<div class=\"elementor-widget-container\">\n\t\t\t\t\t\t\t\t\t<strong>Monolith M Handst\u00fcck<\/strong>\n<br><br>\n&#8211; 1,5 cm\u00b2 Spotgr\u00f6\u00dfe\n<br>\n&#8211; 360 Grad K\u00fchlungssystem f\u00fcr weniger Hautirritation\n<br>\n&#8211; Hautk\u00fchlung bis auf 3\u00b0 C\n<br>\n&#8211; 1.700 Watt Leistung schnell und effizient\n<br>\n&#8211; 810 \/ 940 nm\t\t\t\t\t\t\t\t<\/div>\n\t\t\t\t<\/div>\n\t\t\t\t<\/div>\n\t\t<div class=\"elementor-element elementor-element-2056994 e-con-full e-flex e-con e-child\" data-id=\"2056994\" data-element_type=\"container\" data-e-type=\"container\">\n\t\t\t\t<div class=\"elementor-element elementor-element-8f4eddd elementor-widget elementor-widget-image\" data-id=\"8f4eddd\" data-element_type=\"widget\" data-e-type=\"widget\" data-widget_type=\"image.default\">\n\t\t\t\t<div class=\"elementor-widget-container\">\n\t\t\t\t\t\t\t\t\t\t\t\t\t\t\t<img loading=\"lazy\" decoding=\"async\" width=\"212\" height=\"300\" src=\"https:\/\/haarfrei-ruhrpott.de\/wp-content\/uploads\/2024\/04\/Monolith_2022_M_001-212x300.jpg\" class=\"attachment-medium size-medium wp-image-229\" alt=\"\" srcset=\"https:\/\/haarfrei-ruhrpott.de\/wp-content\/uploads\/2024\/04\/Monolith_2022_M_001-212x300.jpg 212w, https:\/\/haarfrei-ruhrpott.de\/wp-content\/uploads\/2024\/04\/Monolith_2022_M_001-724x1024.jpg 724w, https:\/\/haarfrei-ruhrpott.de\/wp-content\/uploads\/2024\/04\/Monolith_2022_M_001-768x1086.jpg 768w, https:\/\/haarfrei-ruhrpott.de\/wp-content\/uploads\/2024\/04\/Monolith_2022_M_001-1086x1536.jpg 1086w, https:\/\/haarfrei-ruhrpott.de\/wp-content\/uploads\/2024\/04\/Monolith_2022_M_001-1448x2048.jpg 1448w, https:\/\/haarfrei-ruhrpott.de\/wp-content\/uploads\/2024\/04\/Monolith_2022_M_001-42x60.jpg 42w, https:\/\/haarfrei-ruhrpott.de\/wp-content\/uploads\/2024\/04\/Monolith_2022_M_001-scaled.jpg 1810w\" sizes=\"(max-width: 212px) 100vw, 212px\" \/>\t\t\t\t\t\t\t\t\t\t\t\t\t\t\t<\/div>\n\t\t\t\t<\/div>\n\t\t\t\t<\/div>\n\t\t\t\t\t<\/div>\n\t\t\t\t<\/div>\n\t\t\t\t<\/div>\n\t\t","protected":false},"excerpt":{"rendered":"<p>Wirkungsweise des Dioden-Lasers Das Licht des Dioden-Lasers dringt in die Haut ein, wird vom Melanin des Haares absorbiert und in W\u00e4rme umgewandelt. Diese W\u00e4rme zerst\u00f6rt sowohl die Haarwurzel als auch &hellip; <\/p>\n","protected":false},"author":1,"featured_media":173,"parent":0,"menu_order":0,"comment_status":"closed","ping_status":"closed","template":"elementor_header_footer","meta":{"footnotes":""},"class_list":["post-72","page","type-page","status-publish","has-post-thumbnail","hentry"],"_links":{"self":[{"href":"https:\/\/haarfrei-ruhrpott.de\/index.php?rest_route=\/wp\/v2\/pages\/72","targetHints":{"allow":["GET"]}}],"collection":[{"href":"https:\/\/haarfrei-ruhrpott.de\/index.php?rest_route=\/wp\/v2\/pages"}],"about":[{"href":"https:\/\/haarfrei-ruhrpott.de\/index.php?rest_route=\/wp\/v2\/types\/page"}],"author":[{"embeddable":true,"href":"https:\/\/haarfrei-ruhrpott.de\/index.php?rest_route=\/wp\/v2\/users\/1"}],"replies":[{"embeddable":true,"href":"https:\/\/haarfrei-ruhrpott.de\/index.php?rest_route=%2Fwp%2Fv2%2Fcomments&post=72"}],"version-history":[{"count":268,"href":"https:\/\/haarfrei-ruhrpott.de\/index.php?rest_route=\/wp\/v2\/pages\/72\/revisions"}],"predecessor-version":[{"id":617,"href":"https:\/\/haarfrei-ruhrpott.de\/index.php?rest_route=\/wp\/v2\/pages\/72\/revisions\/617"}],"wp:featuredmedia":[{"embeddable":true,"href":"https:\/\/haarfrei-ruhrpott.de\/index.php?rest_route=\/wp\/v2\/media\/173"}],"wp:attachment":[{"href":"https:\/\/haarfrei-ruhrpott.de\/index.php?rest_route=%2Fwp%2Fv2%2Fmedia&parent=72"}],"curies":[{"name":"wp","href":"https:\/\/api.w.org\/{rel}","templated":true}]}}